{"id":3917,"date":"2022-04-05T12:26:50","date_gmt":"2022-04-05T10:26:50","guid":{"rendered":"https:\/\/www.roihuvuori.fi\/hanami\/?page_id=3917"},"modified":"2024-04-14T17:48:00","modified_gmt":"2024-04-14T15:48:00","slug":"kirsikankukinta-2021","status":"publish","type":"page","link":"https:\/\/www.roihuvuori.fi\/hanami\/kirsikankukinta\/kirsikankukinta-2021\/","title":{"rendered":"Kirsikankukinta 2021"},"content":{"rendered":"<p><i> Vuoden 2021 kukinnan kuvaajina toimivat <a href=\"https:\/\/www.roihuvuori.fi\/hanami\/emmi-pollari-ja-lukasz-grabus\/\">Emmi Pollari sek\u00e4 <span class=\"aCOpRe\">\u200b<em>\u0141ukasz<\/em> \u200b<em>Grabu\u015b<\/em><\/span><\/a>.<\/i><\/p>\n<p>&nbsp;<\/p>\n\n\t\t<style type=\"text\/css\">\n\t\t\t#gallery-1 {\n\t\t\t\tmargin: auto;\n\t\t\t}\n\t\t\t#gallery-1 .gallery-item {\n\t\t\t\tfloat: left;\n\t\t\t\tmargin-top: 10px;\n\t\t\t\ttext-align: center;\n\t\t\t\twidth: 33%;\n\t\t\t}\n\t\t\t#gallery-1 img {\n\t\t\t\tborder: 2px solid #cfcfcf;\n\t\t\t}\n\t\t\t#gallery-1 .gallery-caption {\n\t\t\t\tmargin-left: 0;\n\t\t\t}\n\t\t\t\/* see gallery_shortcode() in wp-includes\/media.php *\/\n\t\t<\/style>\n\t\t<div id='gallery-1' class='gallery galleryid-3917 gallery-columns-3 gallery-size-thumbnail'><dl class='gallery-item'>\n\t\t\t<dt class='gallery-icon portrait'>\n\t\t\t\t<a title=\"28.9. Er\u00e4\u00e4t rakastuneet k\u00e4viv\u00e4t paperih\u00e4\u00e4p\u00e4iv\u00e4ns\u00e4 kunniaksi kuvassa Japanilaistyylisess\u00e4 puutarhassa.\" href='https:\/\/www.roihuvuori.fi\/hanami\/wp-content\/uploads\/2021\/10\/Kira-ja-Ronny-50.jpg'><img loading=\"lazy\" decoding=\"async\" width=\"250\" height=\"250\" src=\"https:\/\/www.roihuvuori.fi\/hanami\/wp-content\/uploads\/2021\/10\/Kira-ja-Ronny-50-250x250.jpg\" class=\"attachment-thumbnail size-thumbnail\" alt=\"\" aria-describedby=\"gallery-1-3913\" \/><\/a>\n\t\t\t<\/dt>\n\t\t\t\t<dd class='wp-caption-text gallery-caption' id='gallery-1-3913'>\n\t\t\t\t28.9. Er\u00e4\u00e4t rakastuneet k\u00e4viv\u00e4t paperih\u00e4\u00e4p\u00e4iv\u00e4ns\u00e4 kunniaksi kuvassa Japanilaistyylisess\u00e4 puutarhassa.\n\t\t\t\t<\/dd><\/dl><dl class='gallery-item'>\n\t\t\t<dt class='gallery-icon landscape'>\n\t\t\t\t<a title=\"26.9. Kukkiva kirsikkapuu vai ruskan s\u00e4vyt? Nyt on oiva aika tulla k\u00e4yskentelem\u00e4\u00e4n Japanilaistyylisen puutarhan puuston alle, sill\u00e4 aurinko pilkistelee upeasti kirsikkapuiden lehtien v\u00e4list\u00e4.\" href='https:\/\/www.roihuvuori.fi\/hanami\/wp-content\/uploads\/2021\/09\/kirsikkapuisto_syksy-1.jpg'><img loading=\"lazy\" decoding=\"async\" width=\"250\" height=\"250\" src=\"https:\/\/www.roihuvuori.fi\/hanami\/wp-content\/uploads\/2021\/09\/kirsikkapuisto_syksy-1-250x250.jpg\" class=\"attachment-thumbnail size-thumbnail\" alt=\"\" aria-describedby=\"gallery-1-3908\" \/><\/a>\n\t\t\t<\/dt>\n\t\t\t\t<dd class='wp-caption-text gallery-caption' id='gallery-1-3908'>\n\t\t\t\t26.9. Kukkiva kirsikkapuu vai ruskan s\u00e4vyt? Nyt on oiva aika tulla k\u00e4yskentelem\u00e4\u00e4n Japanilaistyylisen puutarhan puuston alle, sill\u00e4 aurinko pilkistelee upeasti kirsikkapuiden lehtien v\u00e4list\u00e4.\n\t\t\t\t<\/dd><\/dl><dl class='gallery-item'>\n\t\t\t<dt class='gallery-icon landscape'>\n\t\t\t\t<a title=\"26.9. Syksyn v\u00e4rikk\u00e4iden lehtien juhla eli &quot;k\u014dy\u014d&quot; tai &quot;momijigari&quot; on alkanut puistoissa.\" href='https:\/\/www.roihuvuori.fi\/hanami\/wp-content\/uploads\/2021\/09\/kirsikkapuisto_syksy-2.jpg'><img loading=\"lazy\" decoding=\"async\" width=\"250\" height=\"250\" src=\"https:\/\/www.roihuvuori.fi\/hanami\/wp-content\/uploads\/2021\/09\/kirsikkapuisto_syksy-2-250x250.jpg\" class=\"attachment-thumbnail size-thumbnail\" alt=\"\" aria-describedby=\"gallery-1-3909\" \/><\/a>\n\t\t\t<\/dt>\n\t\t\t\t<dd class='wp-caption-text gallery-caption' id='gallery-1-3909'>\n\t\t\t\t26.9. Syksyn v\u00e4rikk\u00e4iden lehtien juhla eli &#8221;k\u014dy\u014d&#8221; tai &#8221;momijigari&#8221; on alkanut puistoissa.\n\t\t\t\t<\/dd><\/dl><br style=\"clear: both\" \/><dl class='gallery-item'>\n\t\t\t<dt class='gallery-icon landscape'>\n\t\t\t\t<a title=\"28.5. Vuoden roihuvuorelainen 2016 Jyrki Nurmi toi Sirkun ja Kiira-koiran puistoon. Jyrkin kirsikkapuussakin komeili kukka.\" href='https:\/\/www.roihuvuori.fi\/hanami\/wp-content\/uploads\/2021\/06\/puistossa-perjantaina-2.jpg'><img loading=\"lazy\" decoding=\"async\" width=\"250\" height=\"250\" src=\"https:\/\/www.roihuvuori.fi\/hanami\/wp-content\/uploads\/2021\/06\/puistossa-perjantaina-2-250x250.jpg\" class=\"attachment-thumbnail size-thumbnail\" alt=\"\" aria-describedby=\"gallery-1-3906\" \/><\/a>\n\t\t\t<\/dt>\n\t\t\t\t<dd class='wp-caption-text gallery-caption' id='gallery-1-3906'>\n\t\t\t\t28.5. Vuoden roihuvuorelainen 2016 Jyrki Nurmi toi Sirkun ja Kiira-koiran puistoon. Jyrkin kirsikkapuussakin komeili kukka.\n\t\t\t\t<\/dd><\/dl><dl class='gallery-item'>\n\t\t\t<dt class='gallery-icon portrait'>\n\t\t\t\t<a title=\"28.5. Kirsikkapuistossa: edellisp\u00e4iv\u00e4isen myrskyn uhri.\" href='https:\/\/www.roihuvuori.fi\/hanami\/wp-content\/uploads\/2021\/06\/puistossa-perjantaina-7.jpg'><img loading=\"lazy\" decoding=\"async\" width=\"250\" height=\"250\" src=\"https:\/\/www.roihuvuori.fi\/hanami\/wp-content\/uploads\/2021\/06\/puistossa-perjantaina-7-250x250.jpg\" class=\"attachment-thumbnail size-thumbnail\" alt=\"\" aria-describedby=\"gallery-1-3905\" \/><\/a>\n\t\t\t<\/dt>\n\t\t\t\t<dd class='wp-caption-text gallery-caption' id='gallery-1-3905'>\n\t\t\t\t28.5. Kirsikkapuistossa: edellisp\u00e4iv\u00e4isen myrskyn uhri.\n\t\t\t\t<\/dd><\/dl><dl class='gallery-item'>\n\t\t\t<dt class='gallery-icon portrait'>\n\t\t\t\t<a title=\"22.5. T\u00e4m\u00e4 Prunus serrulata kanzan (eli &#039;kylm\u00e4 vuori&#039;) Porolahden koulun l\u00e4hettyvill\u00e4 on omistettu vuoden 2011 roihuvuorelaiselle, Norio Tomidalle.\" href='https:\/\/www.roihuvuori.fi\/hanami\/wp-content\/uploads\/2021\/05\/22.5.Kirsikkapuistossa-7.png'><img loading=\"lazy\" decoding=\"async\" width=\"250\" height=\"250\" src=\"https:\/\/www.roihuvuori.fi\/hanami\/wp-content\/uploads\/2021\/05\/22.5.Kirsikkapuistossa-7-250x250.png\" class=\"attachment-thumbnail size-thumbnail\" alt=\"\" aria-describedby=\"gallery-1-3900\" \/><\/a>\n\t\t\t<\/dt>\n\t\t\t\t<dd class='wp-caption-text gallery-caption' id='gallery-1-3900'>\n\t\t\t\t22.5. T\u00e4m\u00e4 Prunus serrulata kanzan (eli &#8217;kylm\u00e4 vuori&#8217;) Porolahden koulun l\u00e4hettyvill\u00e4 on omistettu vuoden 2011 roihuvuorelaiselle, Norio Tomidalle.\n\t\t\t\t<\/dd><\/dl><br style=\"clear: both\" \/><dl class='gallery-item'>\n\t\t\t<dt class='gallery-icon landscape'>\n\t\t\t\t<a title=\"22.5. Japanilaistyylisess\u00e4 puistossa kukkii luumupuu.\" href='https:\/\/www.roihuvuori.fi\/hanami\/wp-content\/uploads\/2021\/05\/22.5.Kirsikkapuistossa-1.png'><img loading=\"lazy\" decoding=\"async\" width=\"250\" height=\"250\" src=\"https:\/\/www.roihuvuori.fi\/hanami\/wp-content\/uploads\/2021\/05\/22.5.Kirsikkapuistossa-1-250x250.png\" class=\"attachment-thumbnail size-thumbnail\" alt=\"\" aria-describedby=\"gallery-1-3894\" \/><\/a>\n\t\t\t<\/dt>\n\t\t\t\t<dd class='wp-caption-text gallery-caption' id='gallery-1-3894'>\n\t\t\t\t22.5. Japanilaistyylisess\u00e4 puistossa kukkii luumupuu.\n\t\t\t\t<\/dd><\/dl><dl class='gallery-item'>\n\t\t\t<dt class='gallery-icon landscape'>\n\t\t\t\t<a title=\"22.5. Nyky\u00e4\u00e4n hanami liitet\u00e4\u00e4n kirsikkapuiden kukintaan mutta 700-luvun Japanissa, kun hanamia alettiin juhlia, ihailtiin luumupuiden kukintaa.\" href='https:\/\/www.roihuvuori.fi\/hanami\/wp-content\/uploads\/2021\/05\/22.5.Kirsikkapuistossa-2.png'><img loading=\"lazy\" decoding=\"async\" width=\"250\" height=\"250\" src=\"https:\/\/www.roihuvuori.fi\/hanami\/wp-content\/uploads\/2021\/05\/22.5.Kirsikkapuistossa-2-250x250.png\" class=\"attachment-thumbnail size-thumbnail\" alt=\"\" aria-describedby=\"gallery-1-3895\" \/><\/a>\n\t\t\t<\/dt>\n\t\t\t\t<dd class='wp-caption-text gallery-caption' id='gallery-1-3895'>\n\t\t\t\t22.5. Nyky\u00e4\u00e4n hanami liitet\u00e4\u00e4n kirsikkapuiden kukintaan mutta 700-luvun Japanissa, kun hanamia alettiin juhlia, ihailtiin luumupuiden kukintaa.\n\t\t\t\t<\/dd><\/dl><dl class='gallery-item'>\n\t\t\t<dt class='gallery-icon landscape'>\n\t\t\t\t<a title=\"22.5. Prunus accoladessa on yh\u00e4 vain yksitt\u00e4isi\u00e4 kukkia.\" href='https:\/\/www.roihuvuori.fi\/hanami\/wp-content\/uploads\/2021\/05\/22.5.Kirsikkapuistossa-4.png'><img loading=\"lazy\" decoding=\"async\" width=\"250\" height=\"250\" src=\"https:\/\/www.roihuvuori.fi\/hanami\/wp-content\/uploads\/2021\/05\/22.5.Kirsikkapuistossa-4-250x250.png\" class=\"attachment-thumbnail size-thumbnail\" alt=\"\" aria-describedby=\"gallery-1-3897\" \/><\/a>\n\t\t\t<\/dt>\n\t\t\t\t<dd class='wp-caption-text gallery-caption' id='gallery-1-3897'>\n\t\t\t\t22.5. Prunus accoladessa on yh\u00e4 vain yksitt\u00e4isi\u00e4 kukkia.\n\t\t\t\t<\/dd><\/dl><br style=\"clear: both\" \/><dl class='gallery-item'>\n\t\t\t<dt class='gallery-icon portrait'>\n\t\t\t\t<a title=\"22.5. My\u00f6s Kirsikkapuiston Prunus serrulata amanogawa-puissa n\u00e4kyy vain yksitt\u00e4isi\u00e4 kukkia.\" href='https:\/\/www.roihuvuori.fi\/hanami\/wp-content\/uploads\/2021\/05\/22.5.Kirsikkapuistossa-5.png'><img loading=\"lazy\" decoding=\"async\" width=\"250\" height=\"250\" src=\"https:\/\/www.roihuvuori.fi\/hanami\/wp-content\/uploads\/2021\/05\/22.5.Kirsikkapuistossa-5-250x250.png\" class=\"attachment-thumbnail size-thumbnail\" alt=\"\" aria-describedby=\"gallery-1-3898\" \/><\/a>\n\t\t\t<\/dt>\n\t\t\t\t<dd class='wp-caption-text gallery-caption' id='gallery-1-3898'>\n\t\t\t\t22.5. My\u00f6s Kirsikkapuiston Prunus serrulata amanogawa-puissa n\u00e4kyy vain yksitt\u00e4isi\u00e4 kukkia.\n\t\t\t\t<\/dd><\/dl><dl class='gallery-item'>\n\t\t\t<dt class='gallery-icon portrait'>\n\t\t\t\t<a title=\"22.5. Joitakin amanogawan kukkia voi ihastella my\u00f6s ruohonjuuritasolla.\" href='https:\/\/www.roihuvuori.fi\/hanami\/wp-content\/uploads\/2021\/05\/22.5.Kirsikkapuistossa-6.png'><img loading=\"lazy\" decoding=\"async\" width=\"250\" height=\"250\" src=\"https:\/\/www.roihuvuori.fi\/hanami\/wp-content\/uploads\/2021\/05\/22.5.Kirsikkapuistossa-6-250x250.png\" class=\"attachment-thumbnail size-thumbnail\" alt=\"\" aria-describedby=\"gallery-1-3899\" \/><\/a>\n\t\t\t<\/dt>\n\t\t\t\t<dd class='wp-caption-text gallery-caption' id='gallery-1-3899'>\n\t\t\t\t22.5. Joitakin amanogawan kukkia voi ihastella my\u00f6s ruohonjuuritasolla.\n\t\t\t\t<\/dd><\/dl><dl class='gallery-item'>\n\t\t\t<dt class='gallery-icon landscape'>\n\t\t\t\t<a title=\"22.5. N\u00e4iden vaaleanpunaisten kukkien kerrotaan symboloivan samurai-sotureiden el\u00e4m\u00e4\u00e4. Kypsymisen, kukkaan puhkeamisen ja lyhyen loiston j\u00e4lkeen tulee putoaminen.\" href='https:\/\/www.roihuvuori.fi\/hanami\/wp-content\/uploads\/2021\/05\/22.5.Kirsikkapuistossa-3.png'><img loading=\"lazy\" decoding=\"async\" width=\"250\" height=\"250\" src=\"https:\/\/www.roihuvuori.fi\/hanami\/wp-content\/uploads\/2021\/05\/22.5.Kirsikkapuistossa-3-250x250.png\" class=\"attachment-thumbnail size-thumbnail\" alt=\"\" aria-describedby=\"gallery-1-3896\" \/><\/a>\n\t\t\t<\/dt>\n\t\t\t\t<dd class='wp-caption-text gallery-caption' id='gallery-1-3896'>\n\t\t\t\t22.5. N\u00e4iden vaaleanpunaisten kukkien kerrotaan symboloivan samurai-sotureiden el\u00e4m\u00e4\u00e4. Kypsymisen, kukkaan puhkeamisen ja lyhyen loiston j\u00e4lkeen tulee putoaminen.\n\t\t\t\t<\/dd><\/dl><br style=\"clear: both\" \/><dl class='gallery-item'>\n\t\t\t<dt class='gallery-icon landscape'>\n\t\t\t\t<a title=\"20.5. Kiku-shidaren kerrotut kukat tuovat mieleen pompom-silkkikukkakoristeet.\" href='https:\/\/www.roihuvuori.fi\/hanami\/wp-content\/uploads\/2021\/05\/20.5.-3.png'><img loading=\"lazy\" decoding=\"async\" width=\"250\" height=\"250\" src=\"https:\/\/www.roihuvuori.fi\/hanami\/wp-content\/uploads\/2021\/05\/20.5.-3-250x250.png\" class=\"attachment-thumbnail size-thumbnail\" alt=\"\" aria-describedby=\"gallery-1-3889\" \/><\/a>\n\t\t\t<\/dt>\n\t\t\t\t<dd class='wp-caption-text gallery-caption' id='gallery-1-3889'>\n\t\t\t\t20.5. Kiku-shidaren kerrotut kukat tuovat mieleen pompom-silkkikukkakoristeet.\n\t\t\t\t<\/dd><\/dl><dl class='gallery-item'>\n\t\t\t<dt class='gallery-icon landscape'>\n\t\t\t\t<a title=\"20.5. Ei ihme, ett\u00e4 kirsikankukat ovat innoittaneet monia taiteilijoita.\" href='https:\/\/www.roihuvuori.fi\/hanami\/wp-content\/uploads\/2021\/05\/20.5.-4.png'><img loading=\"lazy\" decoding=\"async\" width=\"250\" height=\"250\" src=\"https:\/\/www.roihuvuori.fi\/hanami\/wp-content\/uploads\/2021\/05\/20.5.-4-250x250.png\" class=\"attachment-thumbnail size-thumbnail\" alt=\"\" aria-describedby=\"gallery-1-3892\" \/><\/a>\n\t\t\t<\/dt>\n\t\t\t\t<dd class='wp-caption-text gallery-caption' id='gallery-1-3892'>\n\t\t\t\t20.5. Ei ihme, ett\u00e4 kirsikankukat ovat innoittaneet monia taiteilijoita.\n\t\t\t\t<\/dd><\/dl><dl class='gallery-item'>\n\t\t\t<dt class='gallery-icon landscape'>\n\t\t\t\t<a title=\"20.5. Kirsikkapuistoon on lis\u00e4tty Prunus accolade -puiden m\u00e4\u00e4r\u00e4\u00e4.\" href='https:\/\/www.roihuvuori.fi\/hanami\/wp-content\/uploads\/2021\/05\/20.5.-5.png'><img loading=\"lazy\" decoding=\"async\" width=\"250\" height=\"250\" src=\"https:\/\/www.roihuvuori.fi\/hanami\/wp-content\/uploads\/2021\/05\/20.5.-5-250x250.png\" class=\"attachment-thumbnail size-thumbnail\" alt=\"\" aria-describedby=\"gallery-1-3891\" \/><\/a>\n\t\t\t<\/dt>\n\t\t\t\t<dd class='wp-caption-text gallery-caption' id='gallery-1-3891'>\n\t\t\t\t20.5. Kirsikkapuistoon on lis\u00e4tty Prunus accolade -puiden m\u00e4\u00e4r\u00e4\u00e4.\n\t\t\t\t<\/dd><\/dl><br style=\"clear: both\" \/><dl class='gallery-item'>\n\t\t\t<dt class='gallery-icon portrait'>\n\t\t\t\t<a title=\"20.5. Prunus accoladessa on my\u00f6s kerrotut kukat.\" href='https:\/\/www.roihuvuori.fi\/hanami\/wp-content\/uploads\/2021\/05\/20.5.-2.png'><img loading=\"lazy\" decoding=\"async\" width=\"250\" height=\"250\" src=\"https:\/\/www.roihuvuori.fi\/hanami\/wp-content\/uploads\/2021\/05\/20.5.-2-250x250.png\" class=\"attachment-thumbnail size-thumbnail\" alt=\"\" aria-describedby=\"gallery-1-3890\" \/><\/a>\n\t\t\t<\/dt>\n\t\t\t\t<dd class='wp-caption-text gallery-caption' id='gallery-1-3890'>\n\t\t\t\t20.5. Prunus accoladessa on my\u00f6s kerrotut kukat.\n\t\t\t\t<\/dd><\/dl><dl class='gallery-item'>\n\t\t\t<dt class='gallery-icon portrait'>\n\t\t\t\t<a title=\"20.5. N\u00e4m\u00e4kin kukat taitavat olla jo maassa. Hanamin j\u00e4lkeen tulee hanafubuki eli &#039;kirsikankukkasade&#039;.\" href='https:\/\/www.roihuvuori.fi\/hanami\/wp-content\/uploads\/2021\/05\/maanantailta-3.png'><img loading=\"lazy\" decoding=\"async\" width=\"250\" height=\"250\" src=\"https:\/\/www.roihuvuori.fi\/hanami\/wp-content\/uploads\/2021\/05\/maanantailta-3-250x250.png\" class=\"attachment-thumbnail size-thumbnail\" alt=\"\" aria-describedby=\"gallery-1-3881\" \/><\/a>\n\t\t\t<\/dt>\n\t\t\t\t<dd class='wp-caption-text gallery-caption' id='gallery-1-3881'>\n\t\t\t\t20.5. N\u00e4m\u00e4kin kukat taitavat olla jo maassa. Hanamin j\u00e4lkeen tulee hanafubuki eli &#8217;kirsikankukkasade&#8217;.\n\t\t\t\t<\/dd><\/dl><dl class='gallery-item'>\n\t\t\t<dt class='gallery-icon portrait'>\n\t\t\t\t<a title=\"17.5. Japanilaistyylisess\u00e4 puutarhassa.\" href='https:\/\/www.roihuvuori.fi\/hanami\/wp-content\/uploads\/2021\/05\/maanantailta-5.png'><img loading=\"lazy\" decoding=\"async\" width=\"250\" height=\"250\" src=\"https:\/\/www.roihuvuori.fi\/hanami\/wp-content\/uploads\/2021\/05\/maanantailta-5-250x250.png\" class=\"attachment-thumbnail size-thumbnail\" alt=\"\" aria-describedby=\"gallery-1-3879\" \/><\/a>\n\t\t\t<\/dt>\n\t\t\t\t<dd class='wp-caption-text gallery-caption' id='gallery-1-3879'>\n\t\t\t\t17.5. Japanilaistyylisess\u00e4 puutarhassa.\n\t\t\t\t<\/dd><\/dl><br style=\"clear: both\" \/><dl class='gallery-item'>\n\t\t\t<dt class='gallery-icon landscape'>\n\t\t\t\t<a title=\"20.5. Prunus serrulata &quot;amanogawassa&quot; eli &#039;linnunradassa&#039; on auennut ensimm\u00e4isi\u00e4 kukkia. \" href='https:\/\/www.roihuvuori.fi\/hanami\/wp-content\/uploads\/2021\/05\/20.5.-1.png'><img loading=\"lazy\" decoding=\"async\" width=\"250\" height=\"250\" src=\"https:\/\/www.roihuvuori.fi\/hanami\/wp-content\/uploads\/2021\/05\/20.5.-1-250x250.png\" class=\"attachment-thumbnail size-thumbnail\" alt=\"\" aria-describedby=\"gallery-1-3888\" \/><\/a>\n\t\t\t<\/dt>\n\t\t\t\t<dd class='wp-caption-text gallery-caption' id='gallery-1-3888'>\n\t\t\t\t20.5. Prunus serrulata &#8221;amanogawassa&#8221; eli &#8217;linnunradassa&#8217; on auennut ensimm\u00e4isi\u00e4 kukkia. \n\t\t\t\t<\/dd><\/dl><dl class='gallery-item'>\n\t\t\t<dt class='gallery-icon portrait'>\n\t\t\t\t<a title=\"17.5. Kaunis on my\u00f6s hanamin se vaihe, kun kukat alkavat putoilla maahan.\" href='https:\/\/www.roihuvuori.fi\/hanami\/wp-content\/uploads\/2021\/05\/maanantailta-1.png'><img loading=\"lazy\" decoding=\"async\" width=\"250\" height=\"250\" src=\"https:\/\/www.roihuvuori.fi\/hanami\/wp-content\/uploads\/2021\/05\/maanantailta-1-250x250.png\" class=\"attachment-thumbnail size-thumbnail\" alt=\"\" aria-describedby=\"gallery-1-3883\" \/><\/a>\n\t\t\t<\/dt>\n\t\t\t\t<dd class='wp-caption-text gallery-caption' id='gallery-1-3883'>\n\t\t\t\t17.5. Kaunis on my\u00f6s hanamin se vaihe, kun kukat alkavat putoilla maahan.\n\t\t\t\t<\/dd><\/dl><dl class='gallery-item'>\n\t\t\t<dt class='gallery-icon portrait'>\n\t\t\t\t<a title=\"17.5. Lehdet valtaavat alaa kirsikkapuissa.\" href='https:\/\/www.roihuvuori.fi\/hanami\/wp-content\/uploads\/2021\/05\/maanantailta-2.png'><img loading=\"lazy\" decoding=\"async\" width=\"250\" height=\"250\" src=\"https:\/\/www.roihuvuori.fi\/hanami\/wp-content\/uploads\/2021\/05\/maanantailta-2-250x250.png\" class=\"attachment-thumbnail size-thumbnail\" alt=\"\" aria-describedby=\"gallery-1-3882\" \/><\/a>\n\t\t\t<\/dt>\n\t\t\t\t<dd class='wp-caption-text gallery-caption' id='gallery-1-3882'>\n\t\t\t\t17.5. Lehdet valtaavat alaa kirsikkapuissa.\n\t\t\t\t<\/dd><\/dl><br style=\"clear: both\" \/><dl class='gallery-item'>\n\t\t\t<dt class='gallery-icon landscape'>\n\t\t\t\t<a title=\"17.5. Riippuvaoksaiseen Prunus serrulataan eli Kiku-Shiradeen on ilmestynyt ensimm\u00e4isi\u00e4 kukkia.\" href='https:\/\/www.roihuvuori.fi\/hanami\/wp-content\/uploads\/2021\/05\/maanantailta-10.png'><img loading=\"lazy\" decoding=\"async\" width=\"250\" height=\"250\" src=\"https:\/\/www.roihuvuori.fi\/hanami\/wp-content\/uploads\/2021\/05\/maanantailta-10-250x250.png\" class=\"attachment-thumbnail size-thumbnail\" alt=\"\" aria-describedby=\"gallery-1-3875\" \/><\/a>\n\t\t\t<\/dt>\n\t\t\t\t<dd class='wp-caption-text gallery-caption' id='gallery-1-3875'>\n\t\t\t\t17.5. Riippuvaoksaiseen Prunus serrulataan eli Kiku-Shiradeen on ilmestynyt ensimm\u00e4isi\u00e4 kukkia.\n\t\t\t\t<\/dd><\/dl><dl class='gallery-item'>\n\t\t\t<dt class='gallery-icon landscape'>\n\t\t\t\t<a title=\"17.5. Prunus serrulata eli Kiku-Shirade Kirsikkapuistossa.\" href='https:\/\/www.roihuvuori.fi\/hanami\/wp-content\/uploads\/2021\/05\/maanantailta-11.png'><img loading=\"lazy\" decoding=\"async\" width=\"250\" height=\"250\" src=\"https:\/\/www.roihuvuori.fi\/hanami\/wp-content\/uploads\/2021\/05\/maanantailta-11-250x250.png\" class=\"attachment-thumbnail size-thumbnail\" alt=\"\" aria-describedby=\"gallery-1-3873\" \/><\/a>\n\t\t\t<\/dt>\n\t\t\t\t<dd class='wp-caption-text gallery-caption' id='gallery-1-3873'>\n\t\t\t\t17.5. Prunus serrulata eli Kiku-Shirade Kirsikkapuistossa.\n\t\t\t\t<\/dd><\/dl><dl class='gallery-item'>\n\t\t\t<dt class='gallery-icon portrait'>\n\t\t\t\t<a title=\"17.5. T\u00e4m\u00e4 60-luvulta Roihuvuoressa asunut pariskunta odotti sadetta ja iltaa p\u00e4\u00e4st\u00e4kseen ihailemaan kukkia ilman v\u00e4enpaljoutta.\" href='https:\/\/www.roihuvuori.fi\/hanami\/wp-content\/uploads\/2021\/05\/maanantailta-9.png'><img loading=\"lazy\" decoding=\"async\" width=\"250\" height=\"250\" src=\"https:\/\/www.roihuvuori.fi\/hanami\/wp-content\/uploads\/2021\/05\/maanantailta-9-250x250.png\" class=\"attachment-thumbnail size-thumbnail\" alt=\"\" aria-describedby=\"gallery-1-3874\" \/><\/a>\n\t\t\t<\/dt>\n\t\t\t\t<dd class='wp-caption-text gallery-caption' id='gallery-1-3874'>\n\t\t\t\t17.5. T\u00e4m\u00e4 60-luvulta Roihuvuoressa asunut pariskunta odotti sadetta ja iltaa p\u00e4\u00e4st\u00e4kseen ihailemaan kukkia ilman v\u00e4enpaljoutta.\n\t\t\t\t<\/dd><\/dl><br style=\"clear: both\" \/><dl class='gallery-item'>\n\t\t\t<dt class='gallery-icon landscape'>\n\t\t\t\t<a title=\"16.5. T\u00e4m\u00e4nhetkiset kirsikankukkakuninkaalliset, oikealla kuningatar Ella Saarenko, vasemmalla prinsessa Elina Vanhatalo.\" href='https:\/\/www.roihuvuori.fi\/hanami\/wp-content\/uploads\/2021\/05\/viime-pa\u0308ivilta\u0308-2.png'><img loading=\"lazy\" decoding=\"async\" width=\"250\" height=\"250\" src=\"https:\/\/www.roihuvuori.fi\/hanami\/wp-content\/uploads\/2021\/05\/viime-pa\u0308ivilta\u0308-2-250x250.png\" class=\"attachment-thumbnail size-thumbnail\" alt=\"\" aria-describedby=\"gallery-1-3857\" \/><\/a>\n\t\t\t<\/dt>\n\t\t\t\t<dd class='wp-caption-text gallery-caption' id='gallery-1-3857'>\n\t\t\t\t16.5. T\u00e4m\u00e4nhetkiset kirsikankukkakuninkaalliset, oikealla kuningatar Ella Saarenko, vasemmalla prinsessa Elina Vanhatalo.\n\t\t\t\t<\/dd><\/dl><dl class='gallery-item'>\n\t\t\t<dt class='gallery-icon portrait'>\n\t\t\t\t<a title=\"16.5. Venla Ailasm\u00e4ki on ensimm\u00e4inen Suomessa valittu Kirsikankukkakunigatar. H\u00e4net valittiin vuonna 2017.\" href='https:\/\/www.roihuvuori.fi\/hanami\/wp-content\/uploads\/2021\/05\/viime-pa\u0308ivilta\u0308-1.png'><img loading=\"lazy\" decoding=\"async\" width=\"250\" height=\"250\" src=\"https:\/\/www.roihuvuori.fi\/hanami\/wp-content\/uploads\/2021\/05\/viime-pa\u0308ivilta\u0308-1-250x250.png\" class=\"attachment-thumbnail size-thumbnail\" alt=\"\" aria-describedby=\"gallery-1-3843\" \/><\/a>\n\t\t\t<\/dt>\n\t\t\t\t<dd class='wp-caption-text gallery-caption' id='gallery-1-3843'>\n\t\t\t\t16.5. Venla Ailasm\u00e4ki on ensimm\u00e4inen Suomessa valittu Kirsikankukkakunigatar. H\u00e4net valittiin vuonna 2017.\n\t\t\t\t<\/dd><\/dl><dl class='gallery-item'>\n\t\t\t<dt class='gallery-icon portrait'>\n\t\t\t\t<a title=\"16.5. Kirsikankukkakuninkaalliset edustusteht\u00e4viss\u00e4.\" href='https:\/\/www.roihuvuori.fi\/hanami\/wp-content\/uploads\/2021\/05\/viime-pa\u0308ivilta\u0308-7.png'><img loading=\"lazy\" decoding=\"async\" width=\"250\" height=\"250\" src=\"https:\/\/www.roihuvuori.fi\/hanami\/wp-content\/uploads\/2021\/05\/viime-pa\u0308ivilta\u0308-7-250x250.png\" class=\"attachment-thumbnail size-thumbnail\" alt=\"\" aria-describedby=\"gallery-1-3851\" \/><\/a>\n\t\t\t<\/dt>\n\t\t\t\t<dd class='wp-caption-text gallery-caption' id='gallery-1-3851'>\n\t\t\t\t16.5. Kirsikankukkakuninkaalliset edustusteht\u00e4viss\u00e4.\n\t\t\t\t<\/dd><\/dl><br style=\"clear: both\" \/><dl class='gallery-item'>\n\t\t\t<dt class='gallery-icon portrait'>\n\t\t\t\t<a title=\"16.5. Otto-Ville Mikkel\u00e4 MTV3:n haastattelussa.\" href='https:\/\/www.roihuvuori.fi\/hanami\/wp-content\/uploads\/2021\/05\/viime-pa\u0308ivilta\u0308-10.png'><img loading=\"lazy\" decoding=\"async\" width=\"250\" height=\"250\" src=\"https:\/\/www.roihuvuori.fi\/hanami\/wp-content\/uploads\/2021\/05\/viime-pa\u0308ivilta\u0308-10-250x250.png\" class=\"attachment-thumbnail size-thumbnail\" alt=\"\" aria-describedby=\"gallery-1-3848\" \/><\/a>\n\t\t\t<\/dt>\n\t\t\t\t<dd class='wp-caption-text gallery-caption' id='gallery-1-3848'>\n\t\t\t\t16.5. Otto-Ville Mikkel\u00e4 MTV3:n haastattelussa.\n\t\t\t\t<\/dd><\/dl><dl class='gallery-item'>\n\t\t\t<dt class='gallery-icon portrait'>\n\t\t\t\t<a title=\"16.5. Heidi Piittinen pukeutui miesten kimonoon. Piittinen my\u00f6s opastaa uteliaita teetaiteen saloihin Suomenlinnassa.\" href='https:\/\/www.roihuvuori.fi\/hanami\/wp-content\/uploads\/2021\/05\/viime-pa\u0308ivilta\u0308-12.png'><img loading=\"lazy\" decoding=\"async\" width=\"250\" height=\"250\" src=\"https:\/\/www.roihuvuori.fi\/hanami\/wp-content\/uploads\/2021\/05\/viime-pa\u0308ivilta\u0308-12-250x250.png\" class=\"attachment-thumbnail size-thumbnail\" alt=\"\" aria-describedby=\"gallery-1-3847\" \/><\/a>\n\t\t\t<\/dt>\n\t\t\t\t<dd class='wp-caption-text gallery-caption' id='gallery-1-3847'>\n\t\t\t\t16.5. Heidi Piittinen pukeutui miesten kimonoon. Piittinen my\u00f6s opastaa uteliaita teetaiteen saloihin Suomenlinnassa.\n\t\t\t\t<\/dd><\/dl><dl class='gallery-item'>\n\t\t\t<dt class='gallery-icon portrait'>\n\t\t\t\t<a title=\"16.5. Norio Tomidaa on kiitt\u00e4minen Kirsikkapuistoon saaduista 152 ensimm\u00e4isest\u00e4 kirsikkapuusta.\" href='https:\/\/www.roihuvuori.fi\/hanami\/wp-content\/uploads\/2021\/05\/viime-pa\u0308ivilta\u0308-5.png'><img loading=\"lazy\" decoding=\"async\" width=\"250\" height=\"250\" src=\"https:\/\/www.roihuvuori.fi\/hanami\/wp-content\/uploads\/2021\/05\/viime-pa\u0308ivilta\u0308-5-250x250.png\" class=\"attachment-thumbnail size-thumbnail\" alt=\"\" aria-describedby=\"gallery-1-3854\" \/><\/a>\n\t\t\t<\/dt>\n\t\t\t\t<dd class='wp-caption-text gallery-caption' id='gallery-1-3854'>\n\t\t\t\t16.5. Norio Tomidaa on kiitt\u00e4minen Kirsikkapuistoon saaduista 152 ensimm\u00e4isest\u00e4 kirsikkapuusta.\n\t\t\t\t<\/dd><\/dl><br style=\"clear: both\" \/><dl class='gallery-item'>\n\t\t\t<dt class='gallery-icon portrait'>\n\t\t\t\t<a title=\"16.5. Aamun sarastaessa Kirsikkapuistossa kuului my\u00f6s it\u00e4maisia rytmej\u00e4. Tanssija Laura Zaray k\u00e4vi kuvattavana.\" href='https:\/\/www.roihuvuori.fi\/hanami\/wp-content\/uploads\/2021\/05\/Laura-1-2.png'><img loading=\"lazy\" decoding=\"async\" width=\"250\" height=\"250\" src=\"https:\/\/www.roihuvuori.fi\/hanami\/wp-content\/uploads\/2021\/05\/Laura-1-2-250x250.png\" class=\"attachment-thumbnail size-thumbnail\" alt=\"\" aria-describedby=\"gallery-1-3885\" \/><\/a>\n\t\t\t<\/dt>\n\t\t\t\t<dd class='wp-caption-text gallery-caption' id='gallery-1-3885'>\n\t\t\t\t16.5. Aamun sarastaessa Kirsikkapuistossa kuului my\u00f6s it\u00e4maisia rytmej\u00e4. Tanssija Laura Zaray k\u00e4vi kuvattavana.\n\t\t\t\t<\/dd><\/dl><dl class='gallery-item'>\n\t\t\t<dt class='gallery-icon portrait'>\n\t\t\t\t<a title=\"15.5. Ali ja Mari nauttivat t\u00e4ysin siemauksin l\u00e4mm\u00f6st\u00e4 ja toistensa seurasta Kirsikkapuistossa lauantaina.\" href='https:\/\/www.roihuvuori.fi\/hanami\/wp-content\/uploads\/2021\/05\/lauantailta-15.png'><img loading=\"lazy\" decoding=\"async\" width=\"250\" height=\"250\" src=\"https:\/\/www.roihuvuori.fi\/hanami\/wp-content\/uploads\/2021\/05\/lauantailta-15-250x250.png\" class=\"attachment-thumbnail size-thumbnail\" alt=\"\" aria-describedby=\"gallery-1-3858\" \/><\/a>\n\t\t\t<\/dt>\n\t\t\t\t<dd class='wp-caption-text gallery-caption' id='gallery-1-3858'>\n\t\t\t\t15.5. Ali ja Mari nauttivat t\u00e4ysin siemauksin l\u00e4mm\u00f6st\u00e4 ja toistensa seurasta Kirsikkapuistossa lauantaina.\n\t\t\t\t<\/dd><\/dl><dl class='gallery-item'>\n\t\t\t<dt class='gallery-icon portrait'>\n\t\t\t\t<a title=\"15.5. Jos hanamijuhla olisi voitu pit\u00e4\u00e4, se ei olisi voinut osua paremmalle p\u00e4iv\u00e4lle.\" href='https:\/\/www.roihuvuori.fi\/hanami\/wp-content\/uploads\/2021\/05\/lauantailta-5.png'><img loading=\"lazy\" decoding=\"async\" width=\"250\" height=\"250\" src=\"https:\/\/www.roihuvuori.fi\/hanami\/wp-content\/uploads\/2021\/05\/lauantailta-5-250x250.png\" class=\"attachment-thumbnail size-thumbnail\" alt=\"\" aria-describedby=\"gallery-1-3866\" \/><\/a>\n\t\t\t<\/dt>\n\t\t\t\t<dd class='wp-caption-text gallery-caption' id='gallery-1-3866'>\n\t\t\t\t15.5. Jos hanamijuhla olisi voitu pit\u00e4\u00e4, se ei olisi voinut osua paremmalle p\u00e4iv\u00e4lle.\n\t\t\t\t<\/dd><\/dl><br style=\"clear: both\" \/><dl class='gallery-item'>\n\t\t\t<dt class='gallery-icon portrait'>\n\t\t\t\t<a title=\"15.5. &quot;Iik, koira!&quot; tuumi bengalikissa Bruno.\" href='https:\/\/www.roihuvuori.fi\/hanami\/wp-content\/uploads\/2021\/05\/lauantailta-14.png'><img loading=\"lazy\" decoding=\"async\" width=\"250\" height=\"250\" src=\"https:\/\/www.roihuvuori.fi\/hanami\/wp-content\/uploads\/2021\/05\/lauantailta-14-250x250.png\" class=\"attachment-thumbnail size-thumbnail\" alt=\"\" aria-describedby=\"gallery-1-3859\" \/><\/a>\n\t\t\t<\/dt>\n\t\t\t\t<dd class='wp-caption-text gallery-caption' id='gallery-1-3859'>\n\t\t\t\t15.5. &#8221;Iik, koira!&#8221; tuumi bengalikissa Bruno.\n\t\t\t\t<\/dd><\/dl><dl class='gallery-item'>\n\t\t\t<dt class='gallery-icon portrait'>\n\t\t\t\t<a title=\"15.5. Kaverikuva.\" href='https:\/\/www.roihuvuori.fi\/hanami\/wp-content\/uploads\/2021\/05\/lauantailta-3.png'><img loading=\"lazy\" decoding=\"async\" width=\"250\" height=\"250\" src=\"https:\/\/www.roihuvuori.fi\/hanami\/wp-content\/uploads\/2021\/05\/lauantailta-3-250x250.png\" class=\"attachment-thumbnail size-thumbnail\" alt=\"\" aria-describedby=\"gallery-1-3869\" \/><\/a>\n\t\t\t<\/dt>\n\t\t\t\t<dd class='wp-caption-text gallery-caption' id='gallery-1-3869'>\n\t\t\t\t15.5. Kaverikuva.\n\t\t\t\t<\/dd><\/dl><dl class='gallery-item'>\n\t\t\t<dt class='gallery-icon portrait'>\n\t\t\t\t<a title=\"15.5. Rusokirsikka kukkeimmillaan.\" href='https:\/\/www.roihuvuori.fi\/hanami\/wp-content\/uploads\/2021\/05\/lauantailta-7.png'><img loading=\"lazy\" decoding=\"async\" width=\"250\" height=\"250\" src=\"https:\/\/www.roihuvuori.fi\/hanami\/wp-content\/uploads\/2021\/05\/lauantailta-7-250x250.png\" class=\"attachment-thumbnail size-thumbnail\" alt=\"\" aria-describedby=\"gallery-1-3867\" \/><\/a>\n\t\t\t<\/dt>\n\t\t\t\t<dd class='wp-caption-text gallery-caption' id='gallery-1-3867'>\n\t\t\t\t15.5. Rusokirsikka kukkeimmillaan.\n\t\t\t\t<\/dd><\/dl><br style=\"clear: both\" \/><dl class='gallery-item'>\n\t\t\t<dt class='gallery-icon portrait'>\n\t\t\t\t<a title=\"15.5. Porista paikalle saapuneet.\" href='https:\/\/www.roihuvuori.fi\/hanami\/wp-content\/uploads\/2021\/05\/lauantailta-4.png'><img loading=\"lazy\" decoding=\"async\" width=\"250\" height=\"250\" src=\"https:\/\/www.roihuvuori.fi\/hanami\/wp-content\/uploads\/2021\/05\/lauantailta-4-250x250.png\" class=\"attachment-thumbnail size-thumbnail\" alt=\"\" aria-describedby=\"gallery-1-3870\" \/><\/a>\n\t\t\t<\/dt>\n\t\t\t\t<dd class='wp-caption-text gallery-caption' id='gallery-1-3870'>\n\t\t\t\t15.5. Porista paikalle saapuneet.\n\t\t\t\t<\/dd><\/dl><dl class='gallery-item'>\n\t\t\t<dt class='gallery-icon portrait'>\n\t\t\t\t<a title=\"15.5. Aurinkoa riitti.\" href='https:\/\/www.roihuvuori.fi\/hanami\/wp-content\/uploads\/2021\/05\/lauantailta-6.png'><img loading=\"lazy\" decoding=\"async\" width=\"250\" height=\"250\" src=\"https:\/\/www.roihuvuori.fi\/hanami\/wp-content\/uploads\/2021\/05\/lauantailta-6-250x250.png\" class=\"attachment-thumbnail size-thumbnail\" alt=\"\" aria-describedby=\"gallery-1-3868\" \/><\/a>\n\t\t\t<\/dt>\n\t\t\t\t<dd class='wp-caption-text gallery-caption' id='gallery-1-3868'>\n\t\t\t\t15.5. Aurinkoa riitti.\n\t\t\t\t<\/dd><\/dl><dl class='gallery-item'>\n\t\t\t<dt class='gallery-icon portrait'>\n\t\t\t\t<a title=\"15.5. Yuki (japaniksi tarkoittaa &#039;lumi&#039;) em\u00e4nt\u00e4ns\u00e4 turvallisessa syliss\u00e4.\" href='https:\/\/www.roihuvuori.fi\/hanami\/wp-content\/uploads\/2021\/05\/lauantailta-1.png'><img loading=\"lazy\" decoding=\"async\" width=\"250\" height=\"250\" src=\"https:\/\/www.roihuvuori.fi\/hanami\/wp-content\/uploads\/2021\/05\/lauantailta-1-250x250.png\" class=\"attachment-thumbnail size-thumbnail\" alt=\"\" aria-describedby=\"gallery-1-3872\" \/><\/a>\n\t\t\t<\/dt>\n\t\t\t\t<dd class='wp-caption-text gallery-caption' id='gallery-1-3872'>\n\t\t\t\t15.5. Yuki (japaniksi tarkoittaa &#8217;lumi&#8217;) em\u00e4nt\u00e4ns\u00e4 turvallisessa syliss\u00e4.\n\t\t\t\t<\/dd><\/dl><br style=\"clear: both\" \/><dl class='gallery-item'>\n\t\t\t<dt class='gallery-icon landscape'>\n\t\t\t\t<a title=\"14.5. Kirsikkapuiston paljon kuvattu Prunus accolade on avannut ensimm\u00e4isen kukkansa. Vapiskaa, rusokirsikat!\" href='https:\/\/www.roihuvuori.fi\/hanami\/wp-content\/uploads\/2021\/05\/14.5.-ympa\u0308ri-Roihuvuorea-1.png'><img loading=\"lazy\" decoding=\"async\" width=\"250\" height=\"250\" src=\"https:\/\/www.roihuvuori.fi\/hanami\/wp-content\/uploads\/2021\/05\/14.5.-ympa\u0308ri-Roihuvuorea-1-250x250.png\" class=\"attachment-thumbnail size-thumbnail\" alt=\"\" aria-describedby=\"gallery-1-3838\" \/><\/a>\n\t\t\t<\/dt>\n\t\t\t\t<dd class='wp-caption-text gallery-caption' id='gallery-1-3838'>\n\t\t\t\t14.5. Kirsikkapuiston paljon kuvattu Prunus accolade on avannut ensimm\u00e4isen kukkansa. Vapiskaa, rusokirsikat!\n\t\t\t\t<\/dd><\/dl><dl class='gallery-item'>\n\t\t\t<dt class='gallery-icon portrait'>\n\t\t\t\t<a title=\"14.5. Muissakin Prunus accolade -puissa on alkanut avautua kukkia.\" href='https:\/\/www.roihuvuori.fi\/hanami\/wp-content\/uploads\/2021\/05\/14.5.-ympa\u0308ri-Roihuvuorea-2.png'><img loading=\"lazy\" decoding=\"async\" width=\"250\" height=\"250\" src=\"https:\/\/www.roihuvuori.fi\/hanami\/wp-content\/uploads\/2021\/05\/14.5.-ympa\u0308ri-Roihuvuorea-2-250x250.png\" class=\"attachment-thumbnail size-thumbnail\" alt=\"\" aria-describedby=\"gallery-1-3839\" \/><\/a>\n\t\t\t<\/dt>\n\t\t\t\t<dd class='wp-caption-text gallery-caption' id='gallery-1-3839'>\n\t\t\t\t14.5. Muissakin Prunus accolade -puissa on alkanut avautua kukkia.\n\t\t\t\t<\/dd><\/dl><dl class='gallery-item'>\n\t\t\t<dt class='gallery-icon landscape'>\n\t\t\t\t<a title=\"14.5. N\u00e4it\u00e4 iloisia ihmisi\u00e4 yhdist\u00e4\u00e4 se, ettei kukaan heist\u00e4 ole syntynyt Suomessa, he ovat kaikki opiskelleet Helsingiss\u00e4 ja nyt l\u00f6yt\u00e4neet t\u00e4\u00e4lt\u00e4 t\u00f6it\u00e4kin.\" href='https:\/\/www.roihuvuori.fi\/hanami\/wp-content\/uploads\/2021\/05\/14.5.-ympa\u0308ri-Roihuvuorea-3.png'><img loading=\"lazy\" decoding=\"async\" width=\"250\" height=\"250\" src=\"https:\/\/www.roihuvuori.fi\/hanami\/wp-content\/uploads\/2021\/05\/14.5.-ympa\u0308ri-Roihuvuorea-3-250x250.png\" class=\"attachment-thumbnail size-thumbnail\" alt=\"\" aria-describedby=\"gallery-1-3837\" \/><\/a>\n\t\t\t<\/dt>\n\t\t\t\t<dd class='wp-caption-text gallery-caption' id='gallery-1-3837'>\n\t\t\t\t14.5. N\u00e4it\u00e4 iloisia ihmisi\u00e4 yhdist\u00e4\u00e4 se, ettei kukaan heist\u00e4 ole syntynyt Suomessa, he ovat kaikki opiskelleet Helsingiss\u00e4 ja nyt l\u00f6yt\u00e4neet t\u00e4\u00e4lt\u00e4 t\u00f6it\u00e4kin.\n\t\t\t\t<\/dd><\/dl><br style=\"clear: both\" \/><dl class='gallery-item'>\n\t\t\t<dt class='gallery-icon portrait'>\n\t\t\t\t<a title=\"14.5. Yogi istuu kuvaan.\" href='https:\/\/www.roihuvuori.fi\/hanami\/wp-content\/uploads\/2021\/05\/14.5.-ympa\u0308ri-Roihuvuorea-4.png'><img loading=\"lazy\" decoding=\"async\" width=\"250\" height=\"250\" src=\"https:\/\/www.roihuvuori.fi\/hanami\/wp-content\/uploads\/2021\/05\/14.5.-ympa\u0308ri-Roihuvuorea-4-250x250.png\" class=\"attachment-thumbnail size-thumbnail\" alt=\"\" aria-describedby=\"gallery-1-3836\" \/><\/a>\n\t\t\t<\/dt>\n\t\t\t\t<dd class='wp-caption-text gallery-caption' id='gallery-1-3836'>\n\t\t\t\t14.5. Yogi istuu kuvaan.\n\t\t\t\t<\/dd><\/dl><dl class='gallery-item'>\n\t\t\t<dt class='gallery-icon landscape'>\n\t\t\t\t<a title=\"14.5. Kukkan\u00e4yte rusokirsikasta.\" href='https:\/\/www.roihuvuori.fi\/hanami\/wp-content\/uploads\/2021\/05\/14.5.-ympa\u0308ri-Roihuvuorea-5.png'><img loading=\"lazy\" decoding=\"async\" width=\"250\" height=\"250\" src=\"https:\/\/www.roihuvuori.fi\/hanami\/wp-content\/uploads\/2021\/05\/14.5.-ympa\u0308ri-Roihuvuorea-5-250x250.png\" class=\"attachment-thumbnail size-thumbnail\" alt=\"\" aria-describedby=\"gallery-1-3835\" \/><\/a>\n\t\t\t<\/dt>\n\t\t\t\t<dd class='wp-caption-text gallery-caption' id='gallery-1-3835'>\n\t\t\t\t14.5. Kukkan\u00e4yte rusokirsikasta.\n\t\t\t\t<\/dd><\/dl><dl class='gallery-item'>\n\t\t\t<dt class='gallery-icon portrait'>\n\t\t\t\t<a title=\"14.5. Roihuvuoressa ei ole kirsikkapuita ainoastaan puistoissa vaan my\u00f6s monissa pihoissa.\" href='https:\/\/www.roihuvuori.fi\/hanami\/wp-content\/uploads\/2021\/05\/14.5.-ympa\u0308ri-Roihuvuorea-7.png'><img loading=\"lazy\" decoding=\"async\" width=\"250\" height=\"250\" src=\"https:\/\/www.roihuvuori.fi\/hanami\/wp-content\/uploads\/2021\/05\/14.5.-ympa\u0308ri-Roihuvuorea-7-250x250.png\" class=\"attachment-thumbnail size-thumbnail\" alt=\"\" aria-describedby=\"gallery-1-3833\" \/><\/a>\n\t\t\t<\/dt>\n\t\t\t\t<dd class='wp-caption-text gallery-caption' id='gallery-1-3833'>\n\t\t\t\t14.5. Roihuvuoressa ei ole kirsikkapuita ainoastaan puistoissa vaan my\u00f6s monissa pihoissa.\n\t\t\t\t<\/dd><\/dl><br style=\"clear: both\" \/><dl class='gallery-item'>\n\t\t\t<dt class='gallery-icon portrait'>\n\t\t\t\t<a title=\"14.5. Imel\u00e4kirsikkapuu Tuhkimontiell\u00e4. Kumpi ehtii marjoja ensin maistaa, ihmiset vai linnut?\" href='https:\/\/www.roihuvuori.fi\/hanami\/wp-content\/uploads\/2021\/05\/14.5.-ympa\u0308ri-Roihuvuorea-6.png'><img loading=\"lazy\" decoding=\"async\" width=\"250\" height=\"250\" src=\"https:\/\/www.roihuvuori.fi\/hanami\/wp-content\/uploads\/2021\/05\/14.5.-ympa\u0308ri-Roihuvuorea-6-250x250.png\" class=\"attachment-thumbnail size-thumbnail\" alt=\"\" aria-describedby=\"gallery-1-3834\" \/><\/a>\n\t\t\t<\/dt>\n\t\t\t\t<dd class='wp-caption-text gallery-caption' id='gallery-1-3834'>\n\t\t\t\t14.5. Imel\u00e4kirsikkapuu Tuhkimontiell\u00e4. Kumpi ehtii marjoja ensin maistaa, ihmiset vai linnut?\n\t\t\t\t<\/dd><\/dl><dl class='gallery-item'>\n\t\t\t<dt class='gallery-icon landscape'>\n\t\t\t\t<a title=\"14.5. Japanilaistyylisess\u00e4 puistossa ei tarvitse en\u00e4\u00e4 etsi\u00e4 kukkia.\" href='https:\/\/www.roihuvuori.fi\/hanami\/wp-content\/uploads\/2021\/05\/14.5.-ympa\u0308ri-Roihuvuorea-8.png'><img loading=\"lazy\" decoding=\"async\" width=\"250\" height=\"250\" src=\"https:\/\/www.roihuvuori.fi\/hanami\/wp-content\/uploads\/2021\/05\/14.5.-ympa\u0308ri-Roihuvuorea-8-250x250.png\" class=\"attachment-thumbnail size-thumbnail\" alt=\"\" aria-describedby=\"gallery-1-3832\" \/><\/a>\n\t\t\t<\/dt>\n\t\t\t\t<dd class='wp-caption-text gallery-caption' id='gallery-1-3832'>\n\t\t\t\t14.5. Japanilaistyylisess\u00e4 puistossa ei tarvitse en\u00e4\u00e4 etsi\u00e4 kukkia.\n\t\t\t\t<\/dd><\/dl><dl class='gallery-item'>\n\t\t\t<dt class='gallery-icon portrait'>\n\t\t\t\t<a title=\"14.5. Tulisuontiell\u00e4 kuvattua.\" href='https:\/\/www.roihuvuori.fi\/hanami\/wp-content\/uploads\/2021\/05\/14.5.-ympa\u0308ri-Roihuvuorea-9.png'><img loading=\"lazy\" decoding=\"async\" width=\"250\" height=\"250\" src=\"https:\/\/www.roihuvuori.fi\/hanami\/wp-content\/uploads\/2021\/05\/14.5.-ympa\u0308ri-Roihuvuorea-9-250x250.png\" class=\"attachment-thumbnail size-thumbnail\" alt=\"\" aria-describedby=\"gallery-1-3831\" \/><\/a>\n\t\t\t<\/dt>\n\t\t\t\t<dd class='wp-caption-text gallery-caption' id='gallery-1-3831'>\n\t\t\t\t14.5. Tulisuontiell\u00e4 kuvattua.\n\t\t\t\t<\/dd><\/dl><br style=\"clear: both\" \/><dl class='gallery-item'>\n\t\t\t<dt class='gallery-icon portrait'>\n\t\t\t\t<a title=\"14.5. Kotipihoja sulostuttavat nyt monet kukat, tulppaanejakin on alkanut avautua.\" href='https:\/\/www.roihuvuori.fi\/hanami\/wp-content\/uploads\/2021\/05\/14.5.-ympa\u0308ri-Roihuvuorea-10.png'><img loading=\"lazy\" decoding=\"async\" width=\"250\" height=\"250\" src=\"https:\/\/www.roihuvuori.fi\/hanami\/wp-content\/uploads\/2021\/05\/14.5.-ympa\u0308ri-Roihuvuorea-10-250x250.png\" class=\"attachment-thumbnail size-thumbnail\" alt=\"\" aria-describedby=\"gallery-1-3830\" \/><\/a>\n\t\t\t<\/dt>\n\t\t\t\t<dd class='wp-caption-text gallery-caption' id='gallery-1-3830'>\n\t\t\t\t14.5. Kotipihoja sulostuttavat nyt monet kukat, tulppaanejakin on alkanut avautua.\n\t\t\t\t<\/dd><\/dl><dl class='gallery-item'>\n\t\t\t<dt class='gallery-icon portrait'>\n\t\t\t\t<a title=\"13.5. Erin Vallo harrastaa cosplayta. Kuvassa Cherry Blossom -hahmo SK8:sta.\" href='https:\/\/www.roihuvuori.fi\/hanami\/wp-content\/uploads\/2021\/05\/Kirsikkapuistossa-13.5.-8.png'><img loading=\"lazy\" decoding=\"async\" width=\"250\" height=\"250\" src=\"https:\/\/www.roihuvuori.fi\/hanami\/wp-content\/uploads\/2021\/05\/Kirsikkapuistossa-13.5.-8-250x250.png\" class=\"attachment-thumbnail size-thumbnail\" alt=\"\" aria-describedby=\"gallery-1-3819\" \/><\/a>\n\t\t\t<\/dt>\n\t\t\t\t<dd class='wp-caption-text gallery-caption' id='gallery-1-3819'>\n\t\t\t\t13.5. Erin Vallo harrastaa cosplayta. Kuvassa Cherry Blossom -hahmo SK8:sta.\n\t\t\t\t<\/dd><\/dl><dl class='gallery-item'>\n\t\t\t<dt class='gallery-icon portrait'>\n\t\t\t\t<a title=\"13.5. Kristiina Rikkinen ja japanilaista katumuotia.\" href='https:\/\/www.roihuvuori.fi\/hanami\/wp-content\/uploads\/2021\/05\/Kirsikkapuistossa-13.5.-7.png'><img loading=\"lazy\" decoding=\"async\" width=\"250\" height=\"250\" src=\"https:\/\/www.roihuvuori.fi\/hanami\/wp-content\/uploads\/2021\/05\/Kirsikkapuistossa-13.5.-7-250x250.png\" class=\"attachment-thumbnail size-thumbnail\" alt=\"\" aria-describedby=\"gallery-1-3826\" \/><\/a>\n\t\t\t<\/dt>\n\t\t\t\t<dd class='wp-caption-text gallery-caption' id='gallery-1-3826'>\n\t\t\t\t13.5. Kristiina Rikkinen ja japanilaista katumuotia.\n\t\t\t\t<\/dd><\/dl><br style=\"clear: both\" \/><dl class='gallery-item'>\n\t\t\t<dt class='gallery-icon landscape'>\n\t\t\t\t<a title=\"13.5. Kaksi tyt\u00e4rt\u00e4 ja heid\u00e4n \u00e4itins\u00e4.\" href='https:\/\/www.roihuvuori.fi\/hanami\/wp-content\/uploads\/2021\/05\/Kirsikkapuistossa-13.5.-5.png'><img loading=\"lazy\" decoding=\"async\" width=\"250\" height=\"250\" src=\"https:\/\/www.roihuvuori.fi\/hanami\/wp-content\/uploads\/2021\/05\/Kirsikkapuistossa-13.5.-5-250x250.png\" class=\"attachment-thumbnail size-thumbnail\" alt=\"\" aria-describedby=\"gallery-1-3824\" \/><\/a>\n\t\t\t<\/dt>\n\t\t\t\t<dd class='wp-caption-text gallery-caption' id='gallery-1-3824'>\n\t\t\t\t13.5. Kaksi tyt\u00e4rt\u00e4 ja heid\u00e4n \u00e4itins\u00e4.\n\t\t\t\t<\/dd><\/dl><dl class='gallery-item'>\n\t\t\t<dt class='gallery-icon portrait'>\n\t\t\t\t<a title=\"13.5. Kukkakaton alla.\" href='https:\/\/www.roihuvuori.fi\/hanami\/wp-content\/uploads\/2021\/05\/Kirsikkapuistossa-13.5.-6.png'><img loading=\"lazy\" decoding=\"async\" width=\"250\" height=\"250\" src=\"https:\/\/www.roihuvuori.fi\/hanami\/wp-content\/uploads\/2021\/05\/Kirsikkapuistossa-13.5.-6-250x250.png\" class=\"attachment-thumbnail size-thumbnail\" alt=\"\" aria-describedby=\"gallery-1-3825\" \/><\/a>\n\t\t\t<\/dt>\n\t\t\t\t<dd class='wp-caption-text gallery-caption' id='gallery-1-3825'>\n\t\t\t\t13.5. Kukkakaton alla.\n\t\t\t\t<\/dd><\/dl><dl class='gallery-item'>\n\t\t\t<dt class='gallery-icon portrait'>\n\t\t\t\t<a title=\"13.5. Muiden puulajikkeiden kukkia ei ole viel\u00e4 avautunut, mutta vaaleanpunaiset rusokirsikan kukat ilostuttavat k\u00e4vij\u00f6it\u00e4.\" href='https:\/\/www.roihuvuori.fi\/hanami\/wp-content\/uploads\/2021\/05\/Kirsikkapuistossa-13.5.-4.png'><img loading=\"lazy\" decoding=\"async\" width=\"250\" height=\"250\" src=\"https:\/\/www.roihuvuori.fi\/hanami\/wp-content\/uploads\/2021\/05\/Kirsikkapuistossa-13.5.-4-250x250.png\" class=\"attachment-thumbnail size-thumbnail\" alt=\"\" aria-describedby=\"gallery-1-3823\" \/><\/a>\n\t\t\t<\/dt>\n\t\t\t\t<dd class='wp-caption-text gallery-caption' id='gallery-1-3823'>\n\t\t\t\t13.5. Muiden puulajikkeiden kukkia ei ole viel\u00e4 avautunut, mutta vaaleanpunaiset rusokirsikan kukat ilostuttavat k\u00e4vij\u00f6it\u00e4.\n\t\t\t\t<\/dd><\/dl><br style=\"clear: both\" \/><dl class='gallery-item'>\n\t\t\t<dt class='gallery-icon landscape'>\n\t\t\t\t<a title=\"13.5. Sharminin ja Sohelin perhe juhlisti eidi\u00e4.\" href='https:\/\/www.roihuvuori.fi\/hanami\/wp-content\/uploads\/2021\/05\/Kirsikkapuistossa-13.5.-3.png'><img loading=\"lazy\" decoding=\"async\" width=\"250\" height=\"250\" src=\"https:\/\/www.roihuvuori.fi\/hanami\/wp-content\/uploads\/2021\/05\/Kirsikkapuistossa-13.5.-3-250x250.png\" class=\"attachment-thumbnail size-thumbnail\" alt=\"\" aria-describedby=\"gallery-1-3822\" \/><\/a>\n\t\t\t<\/dt>\n\t\t\t\t<dd class='wp-caption-text gallery-caption' id='gallery-1-3822'>\n\t\t\t\t13.5. Sharminin ja Sohelin perhe juhlisti eidi\u00e4.\n\t\t\t\t<\/dd><\/dl><dl class='gallery-item'>\n\t\t\t<dt class='gallery-icon portrait'>\n\t\t\t\t<a title=\"13.5. El\u00e4v\u00e4\u00e4 musiikkia!\" href='https:\/\/www.roihuvuori.fi\/hanami\/wp-content\/uploads\/2021\/05\/Kirsikkapuistossa-13.5.-2.png'><img loading=\"lazy\" decoding=\"async\" width=\"250\" height=\"250\" src=\"https:\/\/www.roihuvuori.fi\/hanami\/wp-content\/uploads\/2021\/05\/Kirsikkapuistossa-13.5.-2-250x250.png\" class=\"attachment-thumbnail size-thumbnail\" alt=\"\" aria-describedby=\"gallery-1-3821\" \/><\/a>\n\t\t\t<\/dt>\n\t\t\t\t<dd class='wp-caption-text gallery-caption' id='gallery-1-3821'>\n\t\t\t\t13.5. El\u00e4v\u00e4\u00e4 musiikkia!\n\t\t\t\t<\/dd><\/dl><dl class='gallery-item'>\n\t\t\t<dt class='gallery-icon landscape'>\n\t\t\t\t<a title=\"12.5. Poppeliina ja roihuvuorelaissyntyinen em\u00e4nt\u00e4ns\u00e4.\" href='https:\/\/www.roihuvuori.fi\/hanami\/wp-content\/uploads\/2021\/05\/Kirsikkapuistossa-12.5-4.png'><img loading=\"lazy\" decoding=\"async\" width=\"250\" height=\"250\" src=\"https:\/\/www.roihuvuori.fi\/hanami\/wp-content\/uploads\/2021\/05\/Kirsikkapuistossa-12.5-4-250x250.png\" class=\"attachment-thumbnail size-thumbnail\" alt=\"\" aria-describedby=\"gallery-1-3811\" \/><\/a>\n\t\t\t<\/dt>\n\t\t\t\t<dd class='wp-caption-text gallery-caption' id='gallery-1-3811'>\n\t\t\t\t12.5. Poppeliina ja roihuvuorelaissyntyinen em\u00e4nt\u00e4ns\u00e4.\n\t\t\t\t<\/dd><\/dl><br style=\"clear: both\" \/><dl class='gallery-item'>\n\t\t\t<dt class='gallery-icon portrait'>\n\t\t\t\t<a title=\"12.5. Kuvassa puiston uusimpia rusokirsikoita.\" href='https:\/\/www.roihuvuori.fi\/hanami\/wp-content\/uploads\/2021\/05\/Kirsikkapuistossa-12.5-6.png'><img loading=\"lazy\" decoding=\"async\" width=\"250\" height=\"250\" src=\"https:\/\/www.roihuvuori.fi\/hanami\/wp-content\/uploads\/2021\/05\/Kirsikkapuistossa-12.5-6-250x250.png\" class=\"attachment-thumbnail size-thumbnail\" alt=\"\" aria-describedby=\"gallery-1-3813\" \/><\/a>\n\t\t\t<\/dt>\n\t\t\t\t<dd class='wp-caption-text gallery-caption' id='gallery-1-3813'>\n\t\t\t\t12.5. Kuvassa puiston uusimpia rusokirsikoita.\n\t\t\t\t<\/dd><\/dl><dl class='gallery-item'>\n\t\t\t<dt class='gallery-icon portrait'>\n\t\t\t\t<a title=\"12.5. Oli ihastuttavaa huomata, miten k\u00e4vij\u00e4t olivat ottaneet kukkien s\u00e4vyn asustuksessaan huomioon.\" href='https:\/\/www.roihuvuori.fi\/hanami\/wp-content\/uploads\/2021\/05\/Kirsikkapuistossa-12.5-5.png'><img loading=\"lazy\" decoding=\"async\" width=\"250\" height=\"250\" src=\"https:\/\/www.roihuvuori.fi\/hanami\/wp-content\/uploads\/2021\/05\/Kirsikkapuistossa-12.5-5-250x250.png\" class=\"attachment-thumbnail size-thumbnail\" alt=\"\" aria-describedby=\"gallery-1-3812\" \/><\/a>\n\t\t\t<\/dt>\n\t\t\t\t<dd class='wp-caption-text gallery-caption' id='gallery-1-3812'>\n\t\t\t\t12.5. Oli ihastuttavaa huomata, miten k\u00e4vij\u00e4t olivat ottaneet kukkien s\u00e4vyn asustuksessaan huomioon.\n\t\t\t\t<\/dd><\/dl><dl class='gallery-item'>\n\t\t\t<dt class='gallery-icon portrait'>\n\t\t\t\t<a title=\"12.5. Prunus accolade vasta viheri\u00f6i.\" href='https:\/\/www.roihuvuori.fi\/hanami\/wp-content\/uploads\/2021\/05\/Kirsikkapuistossa-12.5-3.png'><img loading=\"lazy\" decoding=\"async\" width=\"250\" height=\"250\" src=\"https:\/\/www.roihuvuori.fi\/hanami\/wp-content\/uploads\/2021\/05\/Kirsikkapuistossa-12.5-3-250x250.png\" class=\"attachment-thumbnail size-thumbnail\" alt=\"\" aria-describedby=\"gallery-1-3810\" \/><\/a>\n\t\t\t<\/dt>\n\t\t\t\t<dd class='wp-caption-text gallery-caption' id='gallery-1-3810'>\n\t\t\t\t12.5. Prunus accolade vasta viheri\u00f6i.\n\t\t\t\t<\/dd><\/dl><br style=\"clear: both\" \/><dl class='gallery-item'>\n\t\t\t<dt class='gallery-icon portrait'>\n\t\t\t\t<a title=\"12.5. Enna ja Helin\u00e4.\" href='https:\/\/www.roihuvuori.fi\/hanami\/wp-content\/uploads\/2021\/05\/Kirsikkapuistossa-12.5-7.png'><img loading=\"lazy\" decoding=\"async\" width=\"250\" height=\"250\" src=\"https:\/\/www.roihuvuori.fi\/hanami\/wp-content\/uploads\/2021\/05\/Kirsikkapuistossa-12.5-7-250x250.png\" class=\"attachment-thumbnail size-thumbnail\" alt=\"\" aria-describedby=\"gallery-1-3814\" \/><\/a>\n\t\t\t<\/dt>\n\t\t\t\t<dd class='wp-caption-text gallery-caption' id='gallery-1-3814'>\n\t\t\t\t12.5. Enna ja Helin\u00e4.\n\t\t\t\t<\/dd><\/dl><dl class='gallery-item'>\n\t\t\t<dt class='gallery-icon portrait'>\n\t\t\t\t<a title=\"12.5. Helin\u00e4 (5 kk) oli tullut Vantaalta asti kukintaa ihailemaan.\" href='https:\/\/www.roihuvuori.fi\/hanami\/wp-content\/uploads\/2021\/05\/Kirsikkapuistossa-12.5-8.png'><img loading=\"lazy\" decoding=\"async\" width=\"250\" height=\"250\" src=\"https:\/\/www.roihuvuori.fi\/hanami\/wp-content\/uploads\/2021\/05\/Kirsikkapuistossa-12.5-8-250x250.png\" class=\"attachment-thumbnail size-thumbnail\" alt=\"\" aria-describedby=\"gallery-1-3815\" \/><\/a>\n\t\t\t<\/dt>\n\t\t\t\t<dd class='wp-caption-text gallery-caption' id='gallery-1-3815'>\n\t\t\t\t12.5. Helin\u00e4 (5 kk) oli tullut Vantaalta asti kukintaa ihailemaan.\n\t\t\t\t<\/dd><\/dl><dl class='gallery-item'>\n\t\t\t<dt class='gallery-icon portrait'>\n\t\t\t\t<a title=\"12.5. Japanilaistyylisess\u00e4 puutarhassa my\u00f6s kukkii jo kovasti.\" href='https:\/\/www.roihuvuori.fi\/hanami\/wp-content\/uploads\/2021\/05\/Kirsikkapuistossa-12.5-2.png'><img loading=\"lazy\" decoding=\"async\" width=\"250\" height=\"250\" src=\"https:\/\/www.roihuvuori.fi\/hanami\/wp-content\/uploads\/2021\/05\/Kirsikkapuistossa-12.5-2-250x250.png\" class=\"attachment-thumbnail size-thumbnail\" alt=\"\" aria-describedby=\"gallery-1-3809\" \/><\/a>\n\t\t\t<\/dt>\n\t\t\t\t<dd class='wp-caption-text gallery-caption' id='gallery-1-3809'>\n\t\t\t\t12.5. Japanilaistyylisess\u00e4 puutarhassa my\u00f6s kukkii jo kovasti.\n\t\t\t\t<\/dd><\/dl><br style=\"clear: both\" \/><dl class='gallery-item'>\n\t\t\t<dt class='gallery-icon portrait'>\n\t\t\t\t<a title=\"12.5. Selfien paikka!\" href='https:\/\/www.roihuvuori.fi\/hanami\/wp-content\/uploads\/2021\/05\/Kirsikkapuistossa-12.5.png'><img loading=\"lazy\" decoding=\"async\" width=\"250\" height=\"250\" src=\"https:\/\/www.roihuvuori.fi\/hanami\/wp-content\/uploads\/2021\/05\/Kirsikkapuistossa-12.5-250x250.png\" class=\"attachment-thumbnail size-thumbnail\" alt=\"\" aria-describedby=\"gallery-1-3816\" \/><\/a>\n\t\t\t<\/dt>\n\t\t\t\t<dd class='wp-caption-text gallery-caption' id='gallery-1-3816'>\n\t\t\t\t12.5. Selfien paikka!\n\t\t\t\t<\/dd><\/dl><dl class='gallery-item'>\n\t\t\t<dt class='gallery-icon portrait'>\n\t\t\t\t<a title=\"11.5. Iltaan menness\u00e4 kukkia on avautunut hieman enemm\u00e4n.\" href='https:\/\/www.roihuvuori.fi\/hanami\/wp-content\/uploads\/2021\/05\/Kirsikkapuisto-11.5.ilta-2.png'><img loading=\"lazy\" decoding=\"async\" width=\"250\" height=\"250\" src=\"https:\/\/www.roihuvuori.fi\/hanami\/wp-content\/uploads\/2021\/05\/Kirsikkapuisto-11.5.ilta-2-250x250.png\" class=\"attachment-thumbnail size-thumbnail\" alt=\"\" aria-describedby=\"gallery-1-3805\" \/><\/a>\n\t\t\t<\/dt>\n\t\t\t\t<dd class='wp-caption-text gallery-caption' id='gallery-1-3805'>\n\t\t\t\t11.5. Iltaan menness\u00e4 kukkia on avautunut hieman enemm\u00e4n.\n\t\t\t\t<\/dd><\/dl><dl class='gallery-item'>\n\t\t\t<dt class='gallery-icon portrait'>\n\t\t\t\t<a title=\"11.5. Alexandros Livisianosin ukulele soi kauniisti kev\u00e4iseksi muuttuneessa Kirsikkapuistossa - ja se oli my\u00f6s koristeltu asiaankuuluvasti.\" href='https:\/\/www.roihuvuori.fi\/hanami\/wp-content\/uploads\/2021\/05\/Kirsikkapuisto-11.5.ilta-3.png'><img loading=\"lazy\" decoding=\"async\" width=\"250\" height=\"250\" src=\"https:\/\/www.roihuvuori.fi\/hanami\/wp-content\/uploads\/2021\/05\/Kirsikkapuisto-11.5.ilta-3-250x250.png\" class=\"attachment-thumbnail size-thumbnail\" alt=\"\" aria-describedby=\"gallery-1-3806\" \/><\/a>\n\t\t\t<\/dt>\n\t\t\t\t<dd class='wp-caption-text gallery-caption' id='gallery-1-3806'>\n\t\t\t\t11.5. Alexandros Livisianosin ukulele soi kauniisti kev\u00e4iseksi muuttuneessa Kirsikkapuistossa &#8211; ja se oli my\u00f6s koristeltu asiaankuuluvasti.\n\t\t\t\t<\/dd><\/dl><br style=\"clear: both\" \/><dl class='gallery-item'>\n\t\t\t<dt class='gallery-icon portrait'>\n\t\t\t\t<a title=\"11.5. Rusokirsikka.\" href='https:\/\/www.roihuvuori.fi\/hanami\/wp-content\/uploads\/2021\/05\/Kirsikkapuisto-11.5.ilta-1.png'><img loading=\"lazy\" decoding=\"async\" width=\"250\" height=\"250\" src=\"https:\/\/www.roihuvuori.fi\/hanami\/wp-content\/uploads\/2021\/05\/Kirsikkapuisto-11.5.ilta-1-250x250.png\" class=\"attachment-thumbnail size-thumbnail\" alt=\"\" aria-describedby=\"gallery-1-3804\" \/><\/a>\n\t\t\t<\/dt>\n\t\t\t\t<dd class='wp-caption-text gallery-caption' id='gallery-1-3804'>\n\t\t\t\t11.5. Rusokirsikka.\n\t\t\t\t<\/dd><\/dl><dl class='gallery-item'>\n\t\t\t<dt class='gallery-icon landscape'>\n\t\t\t\t<a title=\"11.5. Ensimm\u00e4iset rusokirsikan kukat ovat avautuneet Kirsikkapuistossa.\" href='https:\/\/www.roihuvuori.fi\/hanami\/wp-content\/uploads\/2021\/05\/Kirsikkapuisto-11.5.-3.png'><img loading=\"lazy\" decoding=\"async\" width=\"250\" height=\"250\" src=\"https:\/\/www.roihuvuori.fi\/hanami\/wp-content\/uploads\/2021\/05\/Kirsikkapuisto-11.5.-3-250x250.png\" class=\"attachment-thumbnail size-thumbnail\" alt=\"\" aria-describedby=\"gallery-1-3800\" \/><\/a>\n\t\t\t<\/dt>\n\t\t\t\t<dd class='wp-caption-text gallery-caption' id='gallery-1-3800'>\n\t\t\t\t11.5. Ensimm\u00e4iset rusokirsikan kukat ovat avautuneet Kirsikkapuistossa.\n\t\t\t\t<\/dd><\/dl><dl class='gallery-item'>\n\t\t\t<dt class='gallery-icon landscape'>\n\t\t\t\t<a title=\"11.5. Pian avautuu lis\u00e4\u00e4 kukkia!\" href='https:\/\/www.roihuvuori.fi\/hanami\/wp-content\/uploads\/2021\/05\/Kirsikkapuisto-11.5.-2.png'><img loading=\"lazy\" decoding=\"async\" width=\"250\" height=\"250\" src=\"https:\/\/www.roihuvuori.fi\/hanami\/wp-content\/uploads\/2021\/05\/Kirsikkapuisto-11.5.-2-250x250.png\" class=\"attachment-thumbnail size-thumbnail\" alt=\"\" aria-describedby=\"gallery-1-3799\" \/><\/a>\n\t\t\t<\/dt>\n\t\t\t\t<dd class='wp-caption-text gallery-caption' id='gallery-1-3799'>\n\t\t\t\t11.5. Pian avautuu lis\u00e4\u00e4 kukkia!\n\t\t\t\t<\/dd><\/dl><br style=\"clear: both\" \/><dl class='gallery-item'>\n\t\t\t<dt class='gallery-icon landscape'>\n\t\t\t\t<a title=\"11.5. Tiejyr\u00e4t ym. koneet ovat viel\u00e4 ty\u00f6n touhussa Kirsikkapuistossa.\" href='https:\/\/www.roihuvuori.fi\/hanami\/wp-content\/uploads\/2021\/05\/Kirsikkapuisto-11.5.-1.png'><img loading=\"lazy\" decoding=\"async\" width=\"250\" height=\"250\" src=\"https:\/\/www.roihuvuori.fi\/hanami\/wp-content\/uploads\/2021\/05\/Kirsikkapuisto-11.5.-1-250x250.png\" class=\"attachment-thumbnail size-thumbnail\" alt=\"\" aria-describedby=\"gallery-1-3798\" \/><\/a>\n\t\t\t<\/dt>\n\t\t\t\t<dd class='wp-caption-text gallery-caption' id='gallery-1-3798'>\n\t\t\t\t11.5. Tiejyr\u00e4t ym. koneet ovat viel\u00e4 ty\u00f6n touhussa Kirsikkapuistossa.\n\t\t\t\t<\/dd><\/dl><dl class='gallery-item'>\n\t\t\t<dt class='gallery-icon landscape'>\n\t\t\t\t<a title=\"11.5. Kirsikkapuistoon on istutettu monia uusia puulajikkeita.\" href='https:\/\/www.roihuvuori.fi\/hanami\/wp-content\/uploads\/2021\/05\/Kirsikkapuisto-11.5.-4.png'><img loading=\"lazy\" decoding=\"async\" width=\"250\" height=\"250\" src=\"https:\/\/www.roihuvuori.fi\/hanami\/wp-content\/uploads\/2021\/05\/Kirsikkapuisto-11.5.-4-250x250.png\" class=\"attachment-thumbnail size-thumbnail\" alt=\"\" aria-describedby=\"gallery-1-3801\" \/><\/a>\n\t\t\t<\/dt>\n\t\t\t\t<dd class='wp-caption-text gallery-caption' id='gallery-1-3801'>\n\t\t\t\t11.5. Kirsikkapuistoon on istutettu monia uusia puulajikkeita.\n\t\t\t\t<\/dd><\/dl><dl class='gallery-item'>\n\t\t\t<dt class='gallery-icon landscape'>\n\t\t\t\t<a title=\"9.5. \u00c4itienp\u00e4iv\u00e4n koleana iltana Kirsikkapuiston rusokirsikoissa n\u00e4kyi h\u00e4iv\u00e4hdys fuksiaa. Avautuvatko kukat tiistaina, kun on v\u00e4h\u00e4n l\u00e4mmennyt?\" href='https:\/\/www.roihuvuori.fi\/hanami\/wp-content\/uploads\/2021\/05\/ha\u0308iva\u0308hdys-fuksiaa.jpg'><img loading=\"lazy\" decoding=\"async\" width=\"250\" height=\"250\" src=\"https:\/\/www.roihuvuori.fi\/hanami\/wp-content\/uploads\/2021\/05\/ha\u0308iva\u0308hdys-fuksiaa-250x250.jpg\" class=\"attachment-thumbnail size-thumbnail\" alt=\"\" aria-describedby=\"gallery-1-3795\" \/><\/a>\n\t\t\t<\/dt>\n\t\t\t\t<dd class='wp-caption-text gallery-caption' id='gallery-1-3795'>\n\t\t\t\t9.5. \u00c4itienp\u00e4iv\u00e4n koleana iltana Kirsikkapuiston rusokirsikoissa n\u00e4kyi h\u00e4iv\u00e4hdys fuksiaa. Avautuvatko kukat tiistaina, kun on v\u00e4h\u00e4n l\u00e4mmennyt?\n\t\t\t\t<\/dd><\/dl><br style=\"clear: both\" \/><dl class='gallery-item'>\n\t\t\t<dt class='gallery-icon landscape'>\n\t\t\t\t<a title=\"7.5. Kirsikkapuistossa illan valossa.\" href='https:\/\/www.roihuvuori.fi\/hanami\/wp-content\/uploads\/2021\/05\/Kirsikkapuistossa-7.5.png'><img loading=\"lazy\" decoding=\"async\" width=\"250\" height=\"250\" src=\"https:\/\/www.roihuvuori.fi\/hanami\/wp-content\/uploads\/2021\/05\/Kirsikkapuistossa-7.5-250x250.png\" class=\"attachment-thumbnail size-thumbnail\" alt=\"\" aria-describedby=\"gallery-1-3791\" \/><\/a>\n\t\t\t<\/dt>\n\t\t\t\t<dd class='wp-caption-text gallery-caption' id='gallery-1-3791'>\n\t\t\t\t7.5. Kirsikkapuistossa illan valossa.\n\t\t\t\t<\/dd><\/dl><dl class='gallery-item'>\n\t\t\t<dt class='gallery-icon portrait'>\n\t\t\t\t<a title=\"7.5. Rusokirsikoita Kirsikkapuistossa.\" href='https:\/\/www.roihuvuori.fi\/hanami\/wp-content\/uploads\/2021\/05\/Kirsikkapuistossa-7.5._2.png'><img loading=\"lazy\" decoding=\"async\" width=\"250\" height=\"250\" src=\"https:\/\/www.roihuvuori.fi\/hanami\/wp-content\/uploads\/2021\/05\/Kirsikkapuistossa-7.5._2-250x250.png\" class=\"attachment-thumbnail size-thumbnail\" alt=\"\" aria-describedby=\"gallery-1-3790\" \/><\/a>\n\t\t\t<\/dt>\n\t\t\t\t<dd class='wp-caption-text gallery-caption' id='gallery-1-3790'>\n\t\t\t\t7.5. Rusokirsikoita Kirsikkapuistossa.\n\t\t\t\t<\/dd><\/dl><dl class='gallery-item'>\n\t\t\t<dt class='gallery-icon landscape'>\n\t\t\t\t<a title=\"7.5. Optimistisimmat arviot kukkien avautumisesta osuvat alkavalle viikonlopulle.\" href='https:\/\/www.roihuvuori.fi\/hanami\/wp-content\/uploads\/2021\/05\/Kirsikkapuistossa-7.5._4.png'><img loading=\"lazy\" decoding=\"async\" width=\"250\" height=\"250\" src=\"https:\/\/www.roihuvuori.fi\/hanami\/wp-content\/uploads\/2021\/05\/Kirsikkapuistossa-7.5._4-250x250.png\" class=\"attachment-thumbnail size-thumbnail\" alt=\"\" aria-describedby=\"gallery-1-3788\" \/><\/a>\n\t\t\t<\/dt>\n\t\t\t\t<dd class='wp-caption-text gallery-caption' id='gallery-1-3788'>\n\t\t\t\t7.5. Optimistisimmat arviot kukkien avautumisesta osuvat alkavalle viikonlopulle.\n\t\t\t\t<\/dd><\/dl><br style=\"clear: both\" \/><dl class='gallery-item'>\n\t\t\t<dt class='gallery-icon landscape'>\n\t\t\t\t<a title=\"7.5. T\u00e4m\u00e4 tie on jo avattu ja uudet penkit on asennettu puistoon.\" href='https:\/\/www.roihuvuori.fi\/hanami\/wp-content\/uploads\/2021\/05\/Kirsikkapuistossa-7.5._3.png'><img loading=\"lazy\" decoding=\"async\" width=\"250\" height=\"250\" src=\"https:\/\/www.roihuvuori.fi\/hanami\/wp-content\/uploads\/2021\/05\/Kirsikkapuistossa-7.5._3-250x250.png\" class=\"attachment-thumbnail size-thumbnail\" alt=\"\" aria-describedby=\"gallery-1-3789\" \/><\/a>\n\t\t\t<\/dt>\n\t\t\t\t<dd class='wp-caption-text gallery-caption' id='gallery-1-3789'>\n\t\t\t\t7.5. T\u00e4m\u00e4 tie on jo avattu ja uudet penkit on asennettu puistoon.\n\t\t\t\t<\/dd><\/dl><dl class='gallery-item'>\n\t\t\t<dt class='gallery-icon portrait'>\n\t\t\t\t<a title=\"7.5. Ihan kaikkialle ei viel\u00e4 parane astua.\" href='https:\/\/www.roihuvuori.fi\/hanami\/wp-content\/uploads\/2021\/05\/Kirsikkapuistossa-7.5._5.png'><img loading=\"lazy\" decoding=\"async\" width=\"250\" height=\"250\" src=\"https:\/\/www.roihuvuori.fi\/hanami\/wp-content\/uploads\/2021\/05\/Kirsikkapuistossa-7.5._5-250x250.png\" class=\"attachment-thumbnail size-thumbnail\" alt=\"\" aria-describedby=\"gallery-1-3792\" \/><\/a>\n\t\t\t<\/dt>\n\t\t\t\t<dd class='wp-caption-text gallery-caption' id='gallery-1-3792'>\n\t\t\t\t7.5. Ihan kaikkialle ei viel\u00e4 parane astua.\n\t\t\t\t<\/dd><\/dl><dl class='gallery-item'>\n\t\t\t<dt class='gallery-icon landscape'>\n\t\t\t\t<a title=\"6.5. Vilpoisa s\u00e4\u00e4 jarruttaa mutta ei pys\u00e4t\u00e4 kukinnan edistymist\u00e4.\" href='https:\/\/www.roihuvuori.fi\/hanami\/wp-content\/uploads\/2021\/05\/japanilaistyylisessa\u0308-6.5.-1.png'><img loading=\"lazy\" decoding=\"async\" width=\"250\" height=\"250\" src=\"https:\/\/www.roihuvuori.fi\/hanami\/wp-content\/uploads\/2021\/05\/japanilaistyylisessa\u0308-6.5.-1-250x250.png\" class=\"attachment-thumbnail size-thumbnail\" alt=\"\" aria-describedby=\"gallery-1-3779\" \/><\/a>\n\t\t\t<\/dt>\n\t\t\t\t<dd class='wp-caption-text gallery-caption' id='gallery-1-3779'>\n\t\t\t\t6.5. Vilpoisa s\u00e4\u00e4 jarruttaa mutta ei pys\u00e4t\u00e4 kukinnan edistymist\u00e4.\n\t\t\t\t<\/dd><\/dl><br style=\"clear: both\" \/><dl class='gallery-item'>\n\t\t\t<dt class='gallery-icon portrait'>\n\t\t\t\t<a title=\"6.5. S\u00e4vyt alkavat vaihtua.\" href='https:\/\/www.roihuvuori.fi\/hanami\/wp-content\/uploads\/2021\/05\/japanilaistyylisessa\u0308-6.5.-2.png'><img loading=\"lazy\" decoding=\"async\" width=\"250\" height=\"250\" src=\"https:\/\/www.roihuvuori.fi\/hanami\/wp-content\/uploads\/2021\/05\/japanilaistyylisessa\u0308-6.5.-2-250x250.png\" class=\"attachment-thumbnail size-thumbnail\" alt=\"\" aria-describedby=\"gallery-1-3780\" \/><\/a>\n\t\t\t<\/dt>\n\t\t\t\t<dd class='wp-caption-text gallery-caption' id='gallery-1-3780'>\n\t\t\t\t6.5. S\u00e4vyt alkavat vaihtua.\n\t\t\t\t<\/dd><\/dl><dl class='gallery-item'>\n\t\t\t<dt class='gallery-icon landscape'>\n\t\t\t\t<a title=\"6.5. Japanilaistyylisess\u00e4 puutarhassa.\" href='https:\/\/www.roihuvuori.fi\/hanami\/wp-content\/uploads\/2021\/05\/japanilaistyylisessa\u0308-6.5.-3.png'><img loading=\"lazy\" decoding=\"async\" width=\"250\" height=\"250\" src=\"https:\/\/www.roihuvuori.fi\/hanami\/wp-content\/uploads\/2021\/05\/japanilaistyylisessa\u0308-6.5.-3-250x250.png\" class=\"attachment-thumbnail size-thumbnail\" alt=\"\" aria-describedby=\"gallery-1-3781\" \/><\/a>\n\t\t\t<\/dt>\n\t\t\t\t<dd class='wp-caption-text gallery-caption' id='gallery-1-3781'>\n\t\t\t\t6.5. Japanilaistyylisess\u00e4 puutarhassa.\n\t\t\t\t<\/dd><\/dl><dl class='gallery-item'>\n\t\t\t<dt class='gallery-icon portrait'>\n\t\t\t\t<a title=\"Japanilaistyylinen puutarha kuuluu samaan puistojen hoitoluokkaan kuin Esplanadin puisto. Kuvassa t\u00e4n\u00e4 vuonna ty\u00f6ss\u00e4 aloittanut, teht\u00e4v\u00e4st\u00e4\u00e4n innostunut haravoija.\" href='https:\/\/www.roihuvuori.fi\/hanami\/wp-content\/uploads\/2021\/05\/japanilaistyylisessa\u0308-30.4.png'><img loading=\"lazy\" decoding=\"async\" width=\"250\" height=\"250\" src=\"https:\/\/www.roihuvuori.fi\/hanami\/wp-content\/uploads\/2021\/05\/japanilaistyylisessa\u0308-30.4-250x250.png\" class=\"attachment-thumbnail size-thumbnail\" alt=\"\" aria-describedby=\"gallery-1-3785\" \/><\/a>\n\t\t\t<\/dt>\n\t\t\t\t<dd class='wp-caption-text gallery-caption' id='gallery-1-3785'>\n\t\t\t\tJapanilaistyylinen puutarha kuuluu samaan puistojen hoitoluokkaan kuin Esplanadin puisto. Kuvassa t\u00e4n\u00e4 vuonna ty\u00f6ss\u00e4 aloittanut, teht\u00e4v\u00e4st\u00e4\u00e4n innostunut haravoija.\n\t\t\t\t<\/dd><\/dl><br style=\"clear: both\" \/><dl class='gallery-item'>\n\t\t\t<dt class='gallery-icon portrait'>\n\t\t\t\t<a title=\"2.5. Roihuvuorentien varrelta.\" href='https:\/\/www.roihuvuori.fi\/hanami\/wp-content\/uploads\/2021\/05\/japanilaistyylisessa\u0308-2.5._2.png'><img loading=\"lazy\" decoding=\"async\" width=\"250\" height=\"250\" src=\"https:\/\/www.roihuvuori.fi\/hanami\/wp-content\/uploads\/2021\/05\/japanilaistyylisessa\u0308-2.5._2-250x250.png\" class=\"attachment-thumbnail size-thumbnail\" alt=\"\" aria-describedby=\"gallery-1-3775\" \/><\/a>\n\t\t\t<\/dt>\n\t\t\t\t<dd class='wp-caption-text gallery-caption' id='gallery-1-3775'>\n\t\t\t\t2.5. Roihuvuorentien varrelta.\n\t\t\t\t<\/dd><\/dl><dl class='gallery-item'>\n\t\t\t<dt class='gallery-icon portrait'>\n\t\t\t\t<a title=\"2.5. Ei menne en\u00e4\u00e4 kauan, ett\u00e4 kukat avautuvat Japanilaistyylisess\u00e4 puistossa.\" href='https:\/\/www.roihuvuori.fi\/hanami\/wp-content\/uploads\/2021\/05\/japanilaistyylisessa\u0308-2.5.png'><img loading=\"lazy\" decoding=\"async\" width=\"250\" height=\"250\" src=\"https:\/\/www.roihuvuori.fi\/hanami\/wp-content\/uploads\/2021\/05\/japanilaistyylisessa\u0308-2.5-250x250.png\" class=\"attachment-thumbnail size-thumbnail\" alt=\"\" aria-describedby=\"gallery-1-3777\" \/><\/a>\n\t\t\t<\/dt>\n\t\t\t\t<dd class='wp-caption-text gallery-caption' id='gallery-1-3777'>\n\t\t\t\t2.5. Ei menne en\u00e4\u00e4 kauan, ett\u00e4 kukat avautuvat Japanilaistyylisess\u00e4 puistossa.\n\t\t\t\t<\/dd><\/dl><dl class='gallery-item'>\n\t\t\t<dt class='gallery-icon landscape'>\n\t\t\t\t<a title=\"28.4. Monien roihuvuorelaisten taloyhti\u00f6iden pihoissa on yksitt\u00e4isi\u00e4 kirsikkapuita. T\u00e4m\u00e4 rusokirsikka sijaitsee Roihuvuorentie 18:n pihassa.\" href='https:\/\/www.roihuvuori.fi\/hanami\/wp-content\/uploads\/2021\/04\/remontti-vaiheessa_5.png'><img loading=\"lazy\" decoding=\"async\" width=\"250\" height=\"250\" src=\"https:\/\/www.roihuvuori.fi\/hanami\/wp-content\/uploads\/2021\/04\/remontti-vaiheessa_5-250x250.png\" class=\"attachment-thumbnail size-thumbnail\" alt=\"\" aria-describedby=\"gallery-1-3773\" \/><\/a>\n\t\t\t<\/dt>\n\t\t\t\t<dd class='wp-caption-text gallery-caption' id='gallery-1-3773'>\n\t\t\t\t28.4. Monien roihuvuorelaisten taloyhti\u00f6iden pihoissa on yksitt\u00e4isi\u00e4 kirsikkapuita. T\u00e4m\u00e4 rusokirsikka sijaitsee Roihuvuorentie 18:n pihassa.\n\t\t\t\t<\/dd><\/dl><br style=\"clear: both\" \/><dl class='gallery-item'>\n\t\t\t<dt class='gallery-icon landscape'>\n\t\t\t\t<a title=\"28.4. Arkisin Kirsikkapuistossa ahertavat monenlaiset ty\u00f6maakoneet.\" href='https:\/\/www.roihuvuori.fi\/hanami\/wp-content\/uploads\/2021\/04\/remontti-vaiheessa_2.png'><img loading=\"lazy\" decoding=\"async\" width=\"250\" height=\"250\" src=\"https:\/\/www.roihuvuori.fi\/hanami\/wp-content\/uploads\/2021\/04\/remontti-vaiheessa_2-250x250.png\" class=\"attachment-thumbnail size-thumbnail\" alt=\"\" aria-describedby=\"gallery-1-3770\" \/><\/a>\n\t\t\t<\/dt>\n\t\t\t\t<dd class='wp-caption-text gallery-caption' id='gallery-1-3770'>\n\t\t\t\t28.4. Arkisin Kirsikkapuistossa ahertavat monenlaiset ty\u00f6maakoneet.\n\t\t\t\t<\/dd><\/dl><dl class='gallery-item'>\n\t\t\t<dt class='gallery-icon landscape'>\n\t\t\t\t<a title=\"25.4. Kirsikkapuisto on viel\u00e4 myllerryksess\u00e4, mutta yl\u00e4osa pyrit\u00e4\u00e4n saamaan mallilleen ennen kukinnan alkua.\" href='https:\/\/www.roihuvuori.fi\/hanami\/wp-content\/uploads\/2021\/04\/remontti-vaiheessa_1.png'><img loading=\"lazy\" decoding=\"async\" width=\"250\" height=\"250\" src=\"https:\/\/www.roihuvuori.fi\/hanami\/wp-content\/uploads\/2021\/04\/remontti-vaiheessa_1-250x250.png\" class=\"attachment-thumbnail size-thumbnail\" alt=\"\" aria-describedby=\"gallery-1-3771\" \/><\/a>\n\t\t\t<\/dt>\n\t\t\t\t<dd class='wp-caption-text gallery-caption' id='gallery-1-3771'>\n\t\t\t\t25.4. Kirsikkapuisto on viel\u00e4 myllerryksess\u00e4, mutta yl\u00e4osa pyrit\u00e4\u00e4n saamaan mallilleen ennen kukinnan alkua.\n\t\t\t\t<\/dd><\/dl><dl class='gallery-item'>\n\t\t\t<dt class='gallery-icon portrait'>\n\t\t\t\t<a title=\"24.4. Ehtiv\u00e4tk\u00f6h\u00e4n Japanilaistyylisen puiston rusokirsikat kukkimaan ensimm\u00e4isin\u00e4?\" href='https:\/\/www.roihuvuori.fi\/hanami\/wp-content\/uploads\/2021\/04\/Japanilaistyylinen-24.4._3.png'><img loading=\"lazy\" decoding=\"async\" width=\"250\" height=\"250\" src=\"https:\/\/www.roihuvuori.fi\/hanami\/wp-content\/uploads\/2021\/04\/Japanilaistyylinen-24.4._3-250x250.png\" class=\"attachment-thumbnail size-thumbnail\" alt=\"\" aria-describedby=\"gallery-1-3745\" \/><\/a>\n\t\t\t<\/dt>\n\t\t\t\t<dd class='wp-caption-text gallery-caption' id='gallery-1-3745'>\n\t\t\t\t24.4. Ehtiv\u00e4tk\u00f6h\u00e4n Japanilaistyylisen puiston rusokirsikat kukkimaan ensimm\u00e4isin\u00e4?\n\t\t\t\t<\/dd><\/dl><br style=\"clear: both\" \/><dl class='gallery-item'>\n\t\t\t<dt class='gallery-icon portrait'>\n\t\t\t\t<a title=\"24.4. Pari sateista p\u00e4iv\u00e4\u00e4 ei ole haitannut n\u00e4it\u00e4 Japanilaistyylisen puiston rusokirsikoita.\" href='https:\/\/www.roihuvuori.fi\/hanami\/wp-content\/uploads\/2021\/04\/Japanilaistyylinen-24.4._4.png'><img loading=\"lazy\" decoding=\"async\" width=\"250\" height=\"250\" src=\"https:\/\/www.roihuvuori.fi\/hanami\/wp-content\/uploads\/2021\/04\/Japanilaistyylinen-24.4._4-250x250.png\" class=\"attachment-thumbnail size-thumbnail\" alt=\"\" aria-describedby=\"gallery-1-3744\" \/><\/a>\n\t\t\t<\/dt>\n\t\t\t\t<dd class='wp-caption-text gallery-caption' id='gallery-1-3744'>\n\t\t\t\t24.4. Pari sateista p\u00e4iv\u00e4\u00e4 ei ole haitannut n\u00e4it\u00e4 Japanilaistyylisen puiston rusokirsikoita.\n\t\t\t\t<\/dd><\/dl><dl class='gallery-item'>\n\t\t\t<dt class='gallery-icon portrait'>\n\t\t\t\t<a title=\"22.4. Japanilaistyylisess\u00e4 puistossa rusokirsikoihin tulee my\u00f6s alaoksiin paljon kukkia.\" href='https:\/\/www.roihuvuori.fi\/hanami\/wp-content\/uploads\/2021\/04\/Japanilaistyylinen-23.4.png'><img loading=\"lazy\" decoding=\"async\" width=\"250\" height=\"250\" src=\"https:\/\/www.roihuvuori.fi\/hanami\/wp-content\/uploads\/2021\/04\/Japanilaistyylinen-23.4-250x250.png\" class=\"attachment-thumbnail size-thumbnail\" alt=\"\" aria-describedby=\"gallery-1-3743\" \/><\/a>\n\t\t\t<\/dt>\n\t\t\t\t<dd class='wp-caption-text gallery-caption' id='gallery-1-3743'>\n\t\t\t\t22.4. Japanilaistyylisess\u00e4 puistossa rusokirsikoihin tulee my\u00f6s alaoksiin paljon kukkia.\n\t\t\t\t<\/dd><\/dl><dl class='gallery-item'>\n\t\t\t<dt class='gallery-icon landscape'>\n\t\t\t\t<a title=\"22.4. T\u00e4m\u00e4 Prunus accolade sai j\u00e4\u00e4d\u00e4 vanhalle paikalleen Kirsikkapuistossa teht\u00e4v\u00e4n remontin yhteydess\u00e4.\" href='https:\/\/www.roihuvuori.fi\/hanami\/wp-content\/uploads\/2021\/04\/Kirsikkapuisto-23.4._2.png'><img loading=\"lazy\" decoding=\"async\" width=\"250\" height=\"250\" src=\"https:\/\/www.roihuvuori.fi\/hanami\/wp-content\/uploads\/2021\/04\/Kirsikkapuisto-23.4._2-250x250.png\" class=\"attachment-thumbnail size-thumbnail\" alt=\"\" aria-describedby=\"gallery-1-3742\" \/><\/a>\n\t\t\t<\/dt>\n\t\t\t\t<dd class='wp-caption-text gallery-caption' id='gallery-1-3742'>\n\t\t\t\t22.4. T\u00e4m\u00e4 Prunus accolade sai j\u00e4\u00e4d\u00e4 vanhalle paikalleen Kirsikkapuistossa teht\u00e4v\u00e4n remontin yhteydess\u00e4.\n\t\t\t\t<\/dd><\/dl><br style=\"clear: both\" \/><dl class='gallery-item'>\n\t\t\t<dt class='gallery-icon portrait'>\n\t\t\t\t<a title=\"22.4. Kirsikkapuistossa on viel\u00e4 hiljaista.\" href='https:\/\/www.roihuvuori.fi\/hanami\/wp-content\/uploads\/2021\/04\/Kirsikkapuisto-23.4.jpg'><img loading=\"lazy\" decoding=\"async\" width=\"250\" height=\"250\" src=\"https:\/\/www.roihuvuori.fi\/hanami\/wp-content\/uploads\/2021\/04\/Kirsikkapuisto-23.4-250x250.jpg\" class=\"attachment-thumbnail size-thumbnail\" alt=\"\" aria-describedby=\"gallery-1-3741\" \/><\/a>\n\t\t\t<\/dt>\n\t\t\t\t<dd class='wp-caption-text gallery-caption' id='gallery-1-3741'>\n\t\t\t\t22.4. Kirsikkapuistossa on viel\u00e4 hiljaista.\n\t\t\t\t<\/dd><\/dl><dl class='gallery-item'>\n\t\t\t<dt class='gallery-icon landscape'>\n\t\t\t\t<a title=\"21.4. T\u00e4m\u00e4n Kirsikkapuiston kuvatuimman kirsikkapuun (Prunus accolade) oksat suuntaavat kohti Roihuvuoren maamerkki\u00e4.\" href='https:\/\/www.roihuvuori.fi\/hanami\/wp-content\/uploads\/2021\/04\/kukinta-3-of-3.jpg'><img loading=\"lazy\" decoding=\"async\" width=\"250\" height=\"250\" src=\"https:\/\/www.roihuvuori.fi\/hanami\/wp-content\/uploads\/2021\/04\/kukinta-3-of-3-250x250.jpg\" class=\"attachment-thumbnail size-thumbnail\" alt=\"\" aria-describedby=\"gallery-1-3731\" \/><\/a>\n\t\t\t<\/dt>\n\t\t\t\t<dd class='wp-caption-text gallery-caption' id='gallery-1-3731'>\n\t\t\t\t21.4. T\u00e4m\u00e4n Kirsikkapuiston kuvatuimman kirsikkapuun (Prunus accolade) oksat suuntaavat kohti Roihuvuoren maamerkki\u00e4.\n\t\t\t\t<\/dd><\/dl><dl class='gallery-item'>\n\t\t\t<dt class='gallery-icon portrait'>\n\t\t\t\t<a title=\"21.4. Kev\u00e4tsuudelmaksi (Prunus accolade) nimetty lajike on yksi Kirsikkapuiston ensimm\u00e4isist\u00e4 kukkijista.\" href='https:\/\/www.roihuvuori.fi\/hanami\/wp-content\/uploads\/2021\/04\/kukinta-2-of-3.jpg'><img loading=\"lazy\" decoding=\"async\" width=\"250\" height=\"250\" src=\"https:\/\/www.roihuvuori.fi\/hanami\/wp-content\/uploads\/2021\/04\/kukinta-2-of-3-250x250.jpg\" class=\"attachment-thumbnail size-thumbnail\" alt=\"\" aria-describedby=\"gallery-1-3733\" \/><\/a>\n\t\t\t<\/dt>\n\t\t\t\t<dd class='wp-caption-text gallery-caption' id='gallery-1-3733'>\n\t\t\t\t21.4. Kev\u00e4tsuudelmaksi (Prunus accolade) nimetty lajike on yksi Kirsikkapuiston ensimm\u00e4isist\u00e4 kukkijista.\n\t\t\t\t<\/dd><\/dl><br style=\"clear: both\" \/><dl class='gallery-item'>\n\t\t\t<dt class='gallery-icon portrait'>\n\t\t\t\t<a title=\"19.4. Rusokirsikka (Prunus sargentii) Japanilaistyylisess\u00e4 puistossa illan valossa.\" href='https:\/\/www.roihuvuori.fi\/hanami\/wp-content\/uploads\/2021\/04\/kukinta-1-of-3.jpg'><img loading=\"lazy\" decoding=\"async\" width=\"250\" height=\"250\" src=\"https:\/\/www.roihuvuori.fi\/hanami\/wp-content\/uploads\/2021\/04\/kukinta-1-of-3-250x250.jpg\" class=\"attachment-thumbnail size-thumbnail\" alt=\"\" aria-describedby=\"gallery-1-3732\" \/><\/a>\n\t\t\t<\/dt>\n\t\t\t\t<dd class='wp-caption-text gallery-caption' id='gallery-1-3732'>\n\t\t\t\t19.4. Rusokirsikka (Prunus sargentii) Japanilaistyylisess\u00e4 puistossa illan valossa.\n\t\t\t\t<\/dd><\/dl><dl class='gallery-item'>\n\t\t\t<dt class='gallery-icon landscape'>\n\t\t\t\t<a title=\"18.4.2021 Rusokirsikan nuput kasvavat p\u00e4iv\u00e4 p\u00e4iv\u00e4lt\u00e4 suuremmiksi japanilaistyylisess\u00e4 puistossa.\" href='https:\/\/www.roihuvuori.fi\/hanami\/wp-content\/uploads\/2021\/04\/rusokirsikka-1-japanilaisessa.jpg'><img loading=\"lazy\" decoding=\"async\" width=\"250\" height=\"250\" src=\"https:\/\/www.roihuvuori.fi\/hanami\/wp-content\/uploads\/2021\/04\/rusokirsikka-1-japanilaisessa-250x250.jpg\" class=\"attachment-thumbnail size-thumbnail\" alt=\"\" aria-describedby=\"gallery-1-3728\" \/><\/a>\n\t\t\t<\/dt>\n\t\t\t\t<dd class='wp-caption-text gallery-caption' id='gallery-1-3728'>\n\t\t\t\t18.4.2021 Rusokirsikan nuput kasvavat p\u00e4iv\u00e4 p\u00e4iv\u00e4lt\u00e4 suuremmiksi japanilaistyylisess\u00e4 puistossa.\n\t\t\t\t<\/dd><\/dl><dl class='gallery-item'>\n\t\t\t<dt class='gallery-icon landscape'>\n\t\t\t\t<a title=\"16.4.2021 Otto-Ville Mikkel\u00e4 kierr\u00e4tti kuvaajaa uudistuvassa Kirsikkapuistossa ja kertoi kiehtovia tarinoita puistoista, puista ja roihuvuorelaisista.\" href='https:\/\/www.roihuvuori.fi\/hanami\/wp-content\/uploads\/2021\/04\/kirsikkapuisto-muutoksessa.jpg'><img loading=\"lazy\" decoding=\"async\" width=\"250\" height=\"250\" src=\"https:\/\/www.roihuvuori.fi\/hanami\/wp-content\/uploads\/2021\/04\/kirsikkapuisto-muutoksessa-250x250.jpg\" class=\"attachment-thumbnail size-thumbnail\" alt=\"\" aria-describedby=\"gallery-1-3726\" \/><\/a>\n\t\t\t<\/dt>\n\t\t\t\t<dd class='wp-caption-text gallery-caption' id='gallery-1-3726'>\n\t\t\t\t16.4.2021 Otto-Ville Mikkel\u00e4 kierr\u00e4tti kuvaajaa uudistuvassa Kirsikkapuistossa ja kertoi kiehtovia tarinoita puistoista, puista ja roihuvuorelaisista.\n\t\t\t\t<\/dd><\/dl><br style=\"clear: both\" \/>\n\t\t<\/div>\n\n","protected":false},"excerpt":{"rendered":"<p>Vuoden 2021 kukinnan kuvaajina toimivat Emmi Pollari sek\u00e4 \u200b\u0141ukasz \u200bGrabu\u015b. &nbsp;<\/p>\n","protected":false},"author":1,"featured_media":0,"parent":4896,"menu_order":0,"comment_status":"closed","ping_status":"closed","template":"","meta":{"_acf_changed":false,"footnotes":""},"class_list":["post-3917","page","type-page","status-publish","hentry"],"acf":[],"_links":{"self":[{"href":"https:\/\/www.roihuvuori.fi\/hanami\/wp-json\/wp\/v2\/pages\/3917","targetHints":{"allow":["GET"]}}],"collection":[{"href":"https:\/\/www.roihuvuori.fi\/hanami\/wp-json\/wp\/v2\/pages"}],"about":[{"href":"https:\/\/www.roihuvuori.fi\/hanami\/wp-json\/wp\/v2\/types\/page"}],"author":[{"embeddable":true,"href":"https:\/\/www.roihuvuori.fi\/hanami\/wp-json\/wp\/v2\/users\/1"}],"replies":[{"embeddable":true,"href":"https:\/\/www.roihuvuori.fi\/hanami\/wp-json\/wp\/v2\/comments?post=3917"}],"version-history":[{"count":5,"href":"https:\/\/www.roihuvuori.fi\/hanami\/wp-json\/wp\/v2\/pages\/3917\/revisions"}],"predecessor-version":[{"id":4166,"href":"https:\/\/www.roihuvuori.fi\/hanami\/wp-json\/wp\/v2\/pages\/3917\/revisions\/4166"}],"up":[{"embeddable":true,"href":"https:\/\/www.roihuvuori.fi\/hanami\/wp-json\/wp\/v2\/pages\/4896"}],"wp:attachment":[{"href":"https:\/\/www.roihuvuori.fi\/hanami\/wp-json\/wp\/v2\/media?parent=3917"}],"curies":[{"name":"wp","href":"https:\/\/api.w.org\/{rel}","templated":true}]}}